{"id":989036,"date":"2025-07-08T15:21:46","date_gmt":"2025-07-08T13:21:46","guid":{"rendered":"https:\/\/www.osteovitalsabadell.cat\/quienes-somos\/"},"modified":"2025-10-07T16:48:50","modified_gmt":"2025-10-07T14:48:50","slug":"quienes-somos","status":"publish","type":"page","link":"https:\/\/www.osteovitalsabadell.cat\/es\/quienes-somos\/","title":{"rendered":"Qui\u00e9nes somos"},"content":{"rendered":"\t\t<div data-elementor-type=\"wp-page\" data-elementor-id=\"989036\" class=\"elementor elementor-989036 elementor-987910\" data-elementor-post-type=\"page\">\n\t\t\t\t\t\t<section class=\"elementor-section elementor-top-section elementor-element elementor-element-fd73132 elementor-section-height-min-height elementor-section-boxed elementor-section-height-default elementor-section-items-middle\" data-id=\"fd73132\" data-element_type=\"section\" data-settings=\"{&quot;background_background&quot;:&quot;classic&quot;}\">\n\t\t\t\t\t\t<div class=\"elementor-container elementor-column-gap-default\">\n\t\t\t\t\t<div class=\"elementor-column elementor-col-100 elementor-top-column elementor-element elementor-element-27ade10\" data-id=\"27ade10\" data-element_type=\"column\">\n\t\t\t<div class=\"elementor-widget-wrap elementor-element-populated\">\n\t\t\t\t\t\t<div class=\"elementor-element elementor-element-736ed55 elementor-widget elementor-widget-heading\" data-id=\"736ed55\" data-element_type=\"widget\" data-widget_type=\"heading.default\">\n\t\t\t\t<div class=\"elementor-widget-container\">\n\t\t\t\t\t<h1 class=\"elementor-heading-title elementor-size-default\">Conoce nuestro equipo<\/h1>\t\t\t\t<\/div>\n\t\t\t\t<\/div>\n\t\t\t\t<div class=\"elementor-element elementor-element-e88e0f4 elementor-widget__width-auto elementor-absolute elementor-widget-mobile__width-initial elementor-widget-tablet__width-initial elementor-widget elementor-widget-image\" data-id=\"e88e0f4\" data-element_type=\"widget\" data-settings=\"{&quot;_position&quot;:&quot;absolute&quot;}\" data-widget_type=\"image.default\">\n\t\t\t\t<div class=\"elementor-widget-container\">\n\t\t\t\t\t\t\t\t\t\t\t\t\t\t\t<img fetchpriority=\"high\" decoding=\"async\" width=\"846\" height=\"745\" src=\"https:\/\/www.osteovitalsabadell.cat\/wp-content\/uploads\/2025\/06\/ESTIRAMENTS.png\" class=\"attachment-full size-full wp-image-988979\" alt=\"LOGO ESTIRAMIENTOS\" srcset=\"https:\/\/www.osteovitalsabadell.cat\/wp-content\/uploads\/2025\/06\/ESTIRAMENTS.png 846w, https:\/\/www.osteovitalsabadell.cat\/wp-content\/uploads\/2025\/06\/ESTIRAMENTS-300x264.png 300w, https:\/\/www.osteovitalsabadell.cat\/wp-content\/uploads\/2025\/06\/ESTIRAMENTS-768x676.png 768w\" sizes=\"(max-width: 846px) 100vw, 846px\" \/>\t\t\t\t\t\t\t\t\t\t\t\t\t\t\t<\/div>\n\t\t\t\t<\/div>\n\t\t\t\t<div class=\"elementor-element elementor-element-448373c elementor-widget__width-auto elementor-absolute elementor-widget-tablet__width-initial elementor-invisible elementor-widget elementor-widget-image\" data-id=\"448373c\" data-element_type=\"widget\" data-settings=\"{&quot;_position&quot;:&quot;absolute&quot;,&quot;motion_fx_motion_fx_scrolling&quot;:&quot;yes&quot;,&quot;motion_fx_rotateZ_effect&quot;:&quot;yes&quot;,&quot;motion_fx_rotateZ_affectedRange&quot;:{&quot;unit&quot;:&quot;%&quot;,&quot;size&quot;:&quot;&quot;,&quot;sizes&quot;:{&quot;start&quot;:77,&quot;end&quot;:77}},&quot;_animation&quot;:&quot;swing&quot;,&quot;_animation_tablet&quot;:&quot;none&quot;,&quot;_animation_mobile&quot;:&quot;none&quot;,&quot;_animation_delay&quot;:500,&quot;motion_fx_rotateZ_speed&quot;:{&quot;unit&quot;:&quot;px&quot;,&quot;size&quot;:1,&quot;sizes&quot;:[]},&quot;motion_fx_devices&quot;:[&quot;desktop&quot;,&quot;tablet&quot;,&quot;mobile&quot;]}\" data-widget_type=\"image.default\">\n\t\t\t\t<div class=\"elementor-widget-container\">\n\t\t\t\t\t\t\t\t\t\t\t\t\t\t\t<img decoding=\"async\" width=\"846\" height=\"745\" src=\"https:\/\/www.osteovitalsabadell.cat\/wp-content\/uploads\/2025\/06\/MASSATGE.png\" class=\"attachment-full size-full wp-image-988978\" alt=\"icono masaje\" srcset=\"https:\/\/www.osteovitalsabadell.cat\/wp-content\/uploads\/2025\/06\/MASSATGE.png 846w, https:\/\/www.osteovitalsabadell.cat\/wp-content\/uploads\/2025\/06\/MASSATGE-300x264.png 300w, https:\/\/www.osteovitalsabadell.cat\/wp-content\/uploads\/2025\/06\/MASSATGE-768x676.png 768w\" sizes=\"(max-width: 846px) 100vw, 846px\" \/>\t\t\t\t\t\t\t\t\t\t\t\t\t\t\t<\/div>\n\t\t\t\t<\/div>\n\t\t\t\t\t<\/div>\n\t\t<\/div>\n\t\t\t\t\t<\/div>\n\t\t<\/section>\n\t\t\t\t<section class=\"elementor-section elementor-top-section elementor-element elementor-element-d0e1fd1 elementor-section-boxed elementor-section-height-default elementor-section-height-default\" data-id=\"d0e1fd1\" data-element_type=\"section\">\n\t\t\t\t\t\t<div class=\"elementor-container elementor-column-gap-default\">\n\t\t\t\t\t<div class=\"elementor-column elementor-col-100 elementor-top-column elementor-element elementor-element-1426e4d\" data-id=\"1426e4d\" data-element_type=\"column\">\n\t\t\t<div class=\"elementor-widget-wrap elementor-element-populated\">\n\t\t\t\t\t\t<div class=\"elementor-element elementor-element-6c7a1d3 elementor-widget__width-initial animated-fast elementor-invisible elementor-widget elementor-widget-heading\" data-id=\"6c7a1d3\" data-element_type=\"widget\" data-settings=\"{&quot;_animation&quot;:&quot;slideInUp&quot;}\" data-widget_type=\"heading.default\">\n\t\t\t\t<div class=\"elementor-widget-container\">\n\t\t\t\t\t<h2 class=\"elementor-heading-title elementor-size-default\">Profesionales cualificados para ofrecer el mejor servicio<\/h2>\t\t\t\t<\/div>\n\t\t\t\t<\/div>\n\t\t\t\t\t<\/div>\n\t\t<\/div>\n\t\t\t\t\t<\/div>\n\t\t<\/section>\n\t\t\t\t<section class=\"elementor-section elementor-top-section elementor-element elementor-element-1442535 elementor-section-boxed elementor-section-height-default elementor-section-height-default\" data-id=\"1442535\" data-element_type=\"section\">\n\t\t\t\t\t\t<div class=\"elementor-container elementor-column-gap-default\">\n\t\t\t\t\t<div class=\"elementor-column elementor-col-33 elementor-top-column elementor-element elementor-element-38d9998\" data-id=\"38d9998\" data-element_type=\"column\">\n\t\t\t<div class=\"elementor-widget-wrap elementor-element-populated\">\n\t\t\t\t\t\t<div class=\"elementor-element elementor-element-152a347 elementor-widget elementor-widget-image\" data-id=\"152a347\" data-element_type=\"widget\" data-widget_type=\"image.default\">\n\t\t\t\t<div class=\"elementor-widget-container\">\n\t\t\t\t\t\t\t\t\t\t\t\t\t\t\t<img decoding=\"async\" width=\"318\" height=\"424\" src=\"https:\/\/www.osteovitalsabadell.cat\/wp-content\/uploads\/2025\/07\/marc-fernandez.png\" class=\"attachment-full size-full wp-image-988997\" alt=\"imagen marc masip\" srcset=\"https:\/\/www.osteovitalsabadell.cat\/wp-content\/uploads\/2025\/07\/marc-fernandez.png 318w, https:\/\/www.osteovitalsabadell.cat\/wp-content\/uploads\/2025\/07\/marc-fernandez-225x300.png 225w\" sizes=\"(max-width: 318px) 100vw, 318px\" \/>\t\t\t\t\t\t\t\t\t\t\t\t\t\t\t<\/div>\n\t\t\t\t<\/div>\n\t\t\t\t<section class=\"elementor-section elementor-inner-section elementor-element elementor-element-d96dbdb elementor-section-boxed elementor-section-height-default elementor-section-height-default\" data-id=\"d96dbdb\" data-element_type=\"section\" data-settings=\"{&quot;background_background&quot;:&quot;classic&quot;}\">\n\t\t\t\t\t\t<div class=\"elementor-container elementor-column-gap-default\">\n\t\t\t\t\t<div class=\"elementor-column elementor-col-100 elementor-inner-column elementor-element elementor-element-956066b\" data-id=\"956066b\" data-element_type=\"column\">\n\t\t\t<div class=\"elementor-widget-wrap elementor-element-populated\">\n\t\t\t\t\t\t<div class=\"elementor-element elementor-element-40cade1 elementor-widget elementor-widget-heading\" data-id=\"40cade1\" data-element_type=\"widget\" data-widget_type=\"heading.default\">\n\t\t\t\t<div class=\"elementor-widget-container\">\n\t\t\t\t\t<h4 class=\"elementor-heading-title elementor-size-default\">Marc Fern\u00e0ndez Masip<\/h4>\t\t\t\t<\/div>\n\t\t\t\t<\/div>\n\t\t\t\t<div class=\"elementor-element elementor-element-a7241ce elementor-widget elementor-widget-heading\" data-id=\"a7241ce\" data-element_type=\"widget\" data-widget_type=\"heading.default\">\n\t\t\t\t<div class=\"elementor-widget-container\">\n\t\t\t\t\t<h6 class=\"elementor-heading-title elementor-size-default\">Oste\u00f3pata D.O. y Fisioterapeuta<\/h6>\t\t\t\t<\/div>\n\t\t\t\t<\/div>\n\t\t\t\t<div class=\"elementor-element elementor-element-b963c08 elementor-widget__width-inherit elementor-mobile-align-center elementor-align-center elementor-widget elementor-widget-button\" data-id=\"b963c08\" data-element_type=\"widget\" data-widget_type=\"button.default\">\n\t\t\t\t<div class=\"elementor-widget-container\">\n\t\t\t\t\t\t\t\t\t<div class=\"elementor-button-wrapper\">\n\t\t\t\t\t<a class=\"elementor-button elementor-button-link elementor-size-sm\" href=\"https:\/\/www.osteovitalsabadell.cat\/es\/quienes-somos\/marc-fernandez-masip\/\">\n\t\t\t\t\t\t<span class=\"elementor-button-content-wrapper\">\n\t\t\t\t\t\t\t\t\t<span class=\"elementor-button-text\">M\u00e1s informaci\u00f3n<\/span>\n\t\t\t\t\t<\/span>\n\t\t\t\t\t<\/a>\n\t\t\t\t<\/div>\n\t\t\t\t\t\t\t\t<\/div>\n\t\t\t\t<\/div>\n\t\t\t\t\t<\/div>\n\t\t<\/div>\n\t\t\t\t\t<\/div>\n\t\t<\/section>\n\t\t\t\t\t<\/div>\n\t\t<\/div>\n\t\t\t\t<div class=\"elementor-column elementor-col-33 elementor-top-column elementor-element elementor-element-ab56c9a\" data-id=\"ab56c9a\" data-element_type=\"column\">\n\t\t\t<div class=\"elementor-widget-wrap elementor-element-populated\">\n\t\t\t\t\t\t<div class=\"elementor-element elementor-element-bea22c3 elementor-widget elementor-widget-image\" data-id=\"bea22c3\" data-element_type=\"widget\" data-widget_type=\"image.default\">\n\t\t\t\t<div class=\"elementor-widget-container\">\n\t\t\t\t\t\t\t\t\t\t\t\t\t\t\t<img loading=\"lazy\" decoding=\"async\" width=\"318\" height=\"424\" src=\"https:\/\/www.osteovitalsabadell.cat\/wp-content\/uploads\/2025\/07\/miriam-fernandez.png\" class=\"attachment-full size-full wp-image-989000\" alt=\"imagen miriam fernandez\" srcset=\"https:\/\/www.osteovitalsabadell.cat\/wp-content\/uploads\/2025\/07\/miriam-fernandez.png 318w, https:\/\/www.osteovitalsabadell.cat\/wp-content\/uploads\/2025\/07\/miriam-fernandez-225x300.png 225w\" sizes=\"(max-width: 318px) 100vw, 318px\" \/>\t\t\t\t\t\t\t\t\t\t\t\t\t\t\t<\/div>\n\t\t\t\t<\/div>\n\t\t\t\t<section class=\"elementor-section elementor-inner-section elementor-element elementor-element-7d83a6d elementor-section-boxed elementor-section-height-default elementor-section-height-default\" data-id=\"7d83a6d\" data-element_type=\"section\" data-settings=\"{&quot;background_background&quot;:&quot;classic&quot;}\">\n\t\t\t\t\t\t<div class=\"elementor-container elementor-column-gap-default\">\n\t\t\t\t\t<div class=\"elementor-column elementor-col-100 elementor-inner-column elementor-element elementor-element-62d5bd4\" data-id=\"62d5bd4\" data-element_type=\"column\">\n\t\t\t<div class=\"elementor-widget-wrap elementor-element-populated\">\n\t\t\t\t\t\t<div class=\"elementor-element elementor-element-17f0741 elementor-widget elementor-widget-heading\" data-id=\"17f0741\" data-element_type=\"widget\" data-widget_type=\"heading.default\">\n\t\t\t\t<div class=\"elementor-widget-container\">\n\t\t\t\t\t<h4 class=\"elementor-heading-title elementor-size-default\">Miriam Fern\u00e1ndez Ojeda<\/h4>\t\t\t\t<\/div>\n\t\t\t\t<\/div>\n\t\t\t\t<div class=\"elementor-element elementor-element-6fedfa3 elementor-widget elementor-widget-heading\" data-id=\"6fedfa3\" data-element_type=\"widget\" data-widget_type=\"heading.default\">\n\t\t\t\t<div class=\"elementor-widget-container\">\n\t\t\t\t\t<h6 class=\"elementor-heading-title elementor-size-default\">Fisioterapeuta especializada en suelo p\u00e9lvico<\/h6>\t\t\t\t<\/div>\n\t\t\t\t<\/div>\n\t\t\t\t<div class=\"elementor-element elementor-element-d730cb5 elementor-widget__width-inherit elementor-mobile-align-center elementor-align-center elementor-widget elementor-widget-button\" data-id=\"d730cb5\" data-element_type=\"widget\" data-widget_type=\"button.default\">\n\t\t\t\t<div class=\"elementor-widget-container\">\n\t\t\t\t\t\t\t\t\t<div class=\"elementor-button-wrapper\">\n\t\t\t\t\t<a class=\"elementor-button elementor-button-link elementor-size-sm\" href=\"https:\/\/www.osteovitalsabadell.cat\/es\/quienes-somos\/miriam-fernandez-ojeda\/\">\n\t\t\t\t\t\t<span class=\"elementor-button-content-wrapper\">\n\t\t\t\t\t\t\t\t\t<span class=\"elementor-button-text\">M\u00e1s informaci\u00f3n<\/span>\n\t\t\t\t\t<\/span>\n\t\t\t\t\t<\/a>\n\t\t\t\t<\/div>\n\t\t\t\t\t\t\t\t<\/div>\n\t\t\t\t<\/div>\n\t\t\t\t\t<\/div>\n\t\t<\/div>\n\t\t\t\t\t<\/div>\n\t\t<\/section>\n\t\t\t\t\t<\/div>\n\t\t<\/div>\n\t\t\t\t<div class=\"elementor-column elementor-col-33 elementor-top-column elementor-element elementor-element-a567965\" data-id=\"a567965\" data-element_type=\"column\">\n\t\t\t<div class=\"elementor-widget-wrap elementor-element-populated\">\n\t\t\t\t\t\t<div class=\"elementor-element elementor-element-610d19d elementor-widget elementor-widget-image\" data-id=\"610d19d\" data-element_type=\"widget\" data-widget_type=\"image.default\">\n\t\t\t\t<div class=\"elementor-widget-container\">\n\t\t\t\t\t\t\t\t\t\t\t\t\t\t\t<img loading=\"lazy\" decoding=\"async\" width=\"318\" height=\"424\" src=\"https:\/\/www.osteovitalsabadell.cat\/wp-content\/uploads\/2025\/07\/anna-folch.png\" class=\"attachment-full size-full wp-image-988995\" alt=\"imagen anna folch\" srcset=\"https:\/\/www.osteovitalsabadell.cat\/wp-content\/uploads\/2025\/07\/anna-folch.png 318w, https:\/\/www.osteovitalsabadell.cat\/wp-content\/uploads\/2025\/07\/anna-folch-225x300.png 225w\" sizes=\"(max-width: 318px) 100vw, 318px\" \/>\t\t\t\t\t\t\t\t\t\t\t\t\t\t\t<\/div>\n\t\t\t\t<\/div>\n\t\t\t\t<section class=\"elementor-section elementor-inner-section elementor-element elementor-element-f115006 elementor-section-boxed elementor-section-height-default elementor-section-height-default\" data-id=\"f115006\" data-element_type=\"section\" data-settings=\"{&quot;background_background&quot;:&quot;classic&quot;}\">\n\t\t\t\t\t\t<div class=\"elementor-container elementor-column-gap-default\">\n\t\t\t\t\t<div class=\"elementor-column elementor-col-100 elementor-inner-column elementor-element elementor-element-7ba26bd\" data-id=\"7ba26bd\" data-element_type=\"column\">\n\t\t\t<div class=\"elementor-widget-wrap elementor-element-populated\">\n\t\t\t\t\t\t<div class=\"elementor-element elementor-element-9d0dca2 elementor-widget elementor-widget-heading\" data-id=\"9d0dca2\" data-element_type=\"widget\" data-widget_type=\"heading.default\">\n\t\t\t\t<div class=\"elementor-widget-container\">\n\t\t\t\t\t<h4 class=\"elementor-heading-title elementor-size-default\">Anna Folch<\/h4>\t\t\t\t<\/div>\n\t\t\t\t<\/div>\n\t\t\t\t<div class=\"elementor-element elementor-element-5087576 elementor-widget elementor-widget-heading\" data-id=\"5087576\" data-element_type=\"widget\" data-widget_type=\"heading.default\">\n\t\t\t\t<div class=\"elementor-widget-container\">\n\t\t\t\t\t<h6 class=\"elementor-heading-title elementor-size-default\">Psiconeuroinmun\u00f3loga<\/h6>\t\t\t\t<\/div>\n\t\t\t\t<\/div>\n\t\t\t\t<div class=\"elementor-element elementor-element-7f84908 elementor-widget__width-inherit elementor-mobile-align-center elementor-align-center elementor-widget elementor-widget-button\" data-id=\"7f84908\" data-element_type=\"widget\" data-widget_type=\"button.default\">\n\t\t\t\t<div class=\"elementor-widget-container\">\n\t\t\t\t\t\t\t\t\t<div class=\"elementor-button-wrapper\">\n\t\t\t\t\t<a class=\"elementor-button elementor-button-link elementor-size-sm\" href=\"https:\/\/www.osteovitalsabadell.cat\/es\/quienes-somos\/anna-folch-2\/\">\n\t\t\t\t\t\t<span class=\"elementor-button-content-wrapper\">\n\t\t\t\t\t\t\t\t\t<span class=\"elementor-button-text\">M\u00e1s informaci\u00f3n<\/span>\n\t\t\t\t\t<\/span>\n\t\t\t\t\t<\/a>\n\t\t\t\t<\/div>\n\t\t\t\t\t\t\t\t<\/div>\n\t\t\t\t<\/div>\n\t\t\t\t\t<\/div>\n\t\t<\/div>\n\t\t\t\t\t<\/div>\n\t\t<\/section>\n\t\t\t\t\t<\/div>\n\t\t<\/div>\n\t\t\t\t\t<\/div>\n\t\t<\/section>\n\t\t\t\t<section class=\"elementor-section elementor-top-section elementor-element elementor-element-5d9f85a elementor-section-boxed elementor-section-height-default elementor-section-height-default\" data-id=\"5d9f85a\" data-element_type=\"section\">\n\t\t\t\t\t\t<div class=\"elementor-container elementor-column-gap-default\">\n\t\t\t\t\t<div class=\"elementor-column elementor-col-33 elementor-top-column elementor-element elementor-element-d2509d0\" data-id=\"d2509d0\" data-element_type=\"column\">\n\t\t\t<div class=\"elementor-widget-wrap elementor-element-populated\">\n\t\t\t\t\t\t<div class=\"elementor-element elementor-element-aa58d24 elementor-widget elementor-widget-image\" data-id=\"aa58d24\" data-element_type=\"widget\" data-widget_type=\"image.default\">\n\t\t\t\t<div class=\"elementor-widget-container\">\n\t\t\t\t\t\t\t\t\t\t\t\t\t\t\t<img loading=\"lazy\" decoding=\"async\" width=\"318\" height=\"424\" src=\"https:\/\/www.osteovitalsabadell.cat\/wp-content\/uploads\/2025\/07\/mario-gomez.png\" class=\"attachment-full size-full wp-image-988999\" alt=\"imagen mario gomez\" srcset=\"https:\/\/www.osteovitalsabadell.cat\/wp-content\/uploads\/2025\/07\/mario-gomez.png 318w, https:\/\/www.osteovitalsabadell.cat\/wp-content\/uploads\/2025\/07\/mario-gomez-225x300.png 225w\" sizes=\"(max-width: 318px) 100vw, 318px\" \/>\t\t\t\t\t\t\t\t\t\t\t\t\t\t\t<\/div>\n\t\t\t\t<\/div>\n\t\t\t\t<section class=\"elementor-section elementor-inner-section elementor-element elementor-element-8477a3f elementor-section-boxed elementor-section-height-default elementor-section-height-default\" data-id=\"8477a3f\" data-element_type=\"section\" data-settings=\"{&quot;background_background&quot;:&quot;classic&quot;}\">\n\t\t\t\t\t\t<div class=\"elementor-container elementor-column-gap-default\">\n\t\t\t\t\t<div class=\"elementor-column elementor-col-100 elementor-inner-column elementor-element elementor-element-2b706e0\" data-id=\"2b706e0\" data-element_type=\"column\">\n\t\t\t<div class=\"elementor-widget-wrap elementor-element-populated\">\n\t\t\t\t\t\t<div class=\"elementor-element elementor-element-143d517 elementor-widget elementor-widget-heading\" data-id=\"143d517\" data-element_type=\"widget\" data-widget_type=\"heading.default\">\n\t\t\t\t<div class=\"elementor-widget-container\">\n\t\t\t\t\t<h4 class=\"elementor-heading-title elementor-size-default\">Mario G\u00f3mez Conte<\/h4>\t\t\t\t<\/div>\n\t\t\t\t<\/div>\n\t\t\t\t<div class=\"elementor-element elementor-element-6c653ea elementor-widget elementor-widget-heading\" data-id=\"6c653ea\" data-element_type=\"widget\" data-widget_type=\"heading.default\">\n\t\t\t\t<div class=\"elementor-widget-container\">\n\t\t\t\t\t<h6 class=\"elementor-heading-title elementor-size-default\">Fisioterapeuta y oste\u00f3pata\n<\/h6>\t\t\t\t<\/div>\n\t\t\t\t<\/div>\n\t\t\t\t<div class=\"elementor-element elementor-element-3905d88 elementor-widget__width-inherit elementor-mobile-align-center elementor-align-center elementor-widget elementor-widget-button\" data-id=\"3905d88\" data-element_type=\"widget\" data-widget_type=\"button.default\">\n\t\t\t\t<div class=\"elementor-widget-container\">\n\t\t\t\t\t\t\t\t\t<div class=\"elementor-button-wrapper\">\n\t\t\t\t\t<a class=\"elementor-button elementor-button-link elementor-size-sm\" href=\"https:\/\/www.osteovitalsabadell.cat\/es\/quienes-somos\/mario-gomez-conte\/\">\n\t\t\t\t\t\t<span class=\"elementor-button-content-wrapper\">\n\t\t\t\t\t\t\t\t\t<span class=\"elementor-button-text\">M\u00e1s informaci\u00f3n<\/span>\n\t\t\t\t\t<\/span>\n\t\t\t\t\t<\/a>\n\t\t\t\t<\/div>\n\t\t\t\t\t\t\t\t<\/div>\n\t\t\t\t<\/div>\n\t\t\t\t\t<\/div>\n\t\t<\/div>\n\t\t\t\t\t<\/div>\n\t\t<\/section>\n\t\t\t\t\t<\/div>\n\t\t<\/div>\n\t\t\t\t<div class=\"elementor-column elementor-col-33 elementor-top-column elementor-element elementor-element-47fa042\" data-id=\"47fa042\" data-element_type=\"column\">\n\t\t\t<div class=\"elementor-widget-wrap elementor-element-populated\">\n\t\t\t\t\t\t<div class=\"elementor-element elementor-element-057bd2f elementor-widget elementor-widget-image\" data-id=\"057bd2f\" data-element_type=\"widget\" data-widget_type=\"image.default\">\n\t\t\t\t<div class=\"elementor-widget-container\">\n\t\t\t\t\t\t\t\t\t\t\t\t\t\t\t<img loading=\"lazy\" decoding=\"async\" width=\"318\" height=\"424\" src=\"https:\/\/www.osteovitalsabadell.cat\/wp-content\/uploads\/2025\/07\/marc-vila.png\" class=\"attachment-full size-full wp-image-988998\" alt=\"imagen marc vila canals\" srcset=\"https:\/\/www.osteovitalsabadell.cat\/wp-content\/uploads\/2025\/07\/marc-vila.png 318w, https:\/\/www.osteovitalsabadell.cat\/wp-content\/uploads\/2025\/07\/marc-vila-225x300.png 225w\" sizes=\"(max-width: 318px) 100vw, 318px\" \/>\t\t\t\t\t\t\t\t\t\t\t\t\t\t\t<\/div>\n\t\t\t\t<\/div>\n\t\t\t\t<section class=\"elementor-section elementor-inner-section elementor-element elementor-element-179cd0a elementor-section-boxed elementor-section-height-default elementor-section-height-default\" data-id=\"179cd0a\" data-element_type=\"section\" data-settings=\"{&quot;background_background&quot;:&quot;classic&quot;}\">\n\t\t\t\t\t\t<div class=\"elementor-container elementor-column-gap-default\">\n\t\t\t\t\t<div class=\"elementor-column elementor-col-100 elementor-inner-column elementor-element elementor-element-e468cde\" data-id=\"e468cde\" data-element_type=\"column\">\n\t\t\t<div class=\"elementor-widget-wrap elementor-element-populated\">\n\t\t\t\t\t\t<div class=\"elementor-element elementor-element-1163fdc elementor-widget elementor-widget-heading\" data-id=\"1163fdc\" data-element_type=\"widget\" data-widget_type=\"heading.default\">\n\t\t\t\t<div class=\"elementor-widget-container\">\n\t\t\t\t\t<h4 class=\"elementor-heading-title elementor-size-default\">Marc Vil\u00e0 Canals<\/h4>\t\t\t\t<\/div>\n\t\t\t\t<\/div>\n\t\t\t\t<div class=\"elementor-element elementor-element-87ab40e elementor-widget elementor-widget-heading\" data-id=\"87ab40e\" data-element_type=\"widget\" data-widget_type=\"heading.default\">\n\t\t\t\t<div class=\"elementor-widget-container\">\n\t\t\t\t\t<h6 class=\"elementor-heading-title elementor-size-default\">Fisioterapeuta y oste\u00f3pata<\/h6>\t\t\t\t<\/div>\n\t\t\t\t<\/div>\n\t\t\t\t<div class=\"elementor-element elementor-element-936cd40 elementor-widget__width-inherit elementor-mobile-align-center elementor-align-center elementor-widget elementor-widget-button\" data-id=\"936cd40\" data-element_type=\"widget\" data-widget_type=\"button.default\">\n\t\t\t\t<div class=\"elementor-widget-container\">\n\t\t\t\t\t\t\t\t\t<div class=\"elementor-button-wrapper\">\n\t\t\t\t\t<a class=\"elementor-button elementor-button-link elementor-size-sm\" href=\"https:\/\/www.osteovitalsabadell.cat\/es\/quienes-somos\/marc-vila-canals\/\">\n\t\t\t\t\t\t<span class=\"elementor-button-content-wrapper\">\n\t\t\t\t\t\t\t\t\t<span class=\"elementor-button-text\">M\u00e1s informaci\u00f3n<\/span>\n\t\t\t\t\t<\/span>\n\t\t\t\t\t<\/a>\n\t\t\t\t<\/div>\n\t\t\t\t\t\t\t\t<\/div>\n\t\t\t\t<\/div>\n\t\t\t\t\t<\/div>\n\t\t<\/div>\n\t\t\t\t\t<\/div>\n\t\t<\/section>\n\t\t\t\t\t<\/div>\n\t\t<\/div>\n\t\t\t\t<div class=\"elementor-column elementor-col-33 elementor-top-column elementor-element elementor-element-3266c64\" data-id=\"3266c64\" data-element_type=\"column\">\n\t\t\t<div class=\"elementor-widget-wrap elementor-element-populated\">\n\t\t\t\t\t\t<div class=\"elementor-element elementor-element-1137136 elementor-widget elementor-widget-image\" data-id=\"1137136\" data-element_type=\"widget\" data-widget_type=\"image.default\">\n\t\t\t\t<div class=\"elementor-widget-container\">\n\t\t\t\t\t\t\t\t\t\t\t\t\t\t\t<img loading=\"lazy\" decoding=\"async\" width=\"318\" height=\"424\" src=\"https:\/\/www.osteovitalsabadell.cat\/wp-content\/uploads\/2025\/07\/raquel-hernando.png\" class=\"attachment-full size-full wp-image-989001\" alt=\"personal osteovital\" srcset=\"https:\/\/www.osteovitalsabadell.cat\/wp-content\/uploads\/2025\/07\/raquel-hernando.png 318w, https:\/\/www.osteovitalsabadell.cat\/wp-content\/uploads\/2025\/07\/raquel-hernando-225x300.png 225w\" sizes=\"(max-width: 318px) 100vw, 318px\" \/>\t\t\t\t\t\t\t\t\t\t\t\t\t\t\t<\/div>\n\t\t\t\t<\/div>\n\t\t\t\t<section class=\"elementor-section elementor-inner-section elementor-element elementor-element-c2a44fc elementor-section-boxed elementor-section-height-default elementor-section-height-default\" data-id=\"c2a44fc\" data-element_type=\"section\" data-settings=\"{&quot;background_background&quot;:&quot;classic&quot;}\">\n\t\t\t\t\t\t<div class=\"elementor-container elementor-column-gap-default\">\n\t\t\t\t\t<div class=\"elementor-column elementor-col-100 elementor-inner-column elementor-element elementor-element-a067f0e\" data-id=\"a067f0e\" data-element_type=\"column\">\n\t\t\t<div class=\"elementor-widget-wrap elementor-element-populated\">\n\t\t\t\t\t\t<div class=\"elementor-element elementor-element-9e4265f elementor-widget elementor-widget-heading\" data-id=\"9e4265f\" data-element_type=\"widget\" data-widget_type=\"heading.default\">\n\t\t\t\t<div class=\"elementor-widget-container\">\n\t\t\t\t\t<h4 class=\"elementor-heading-title elementor-size-default\">Raquel Hernando Garcia<\/h4>\t\t\t\t<\/div>\n\t\t\t\t<\/div>\n\t\t\t\t<div class=\"elementor-element elementor-element-175a625 elementor-widget elementor-widget-heading\" data-id=\"175a625\" data-element_type=\"widget\" data-widget_type=\"heading.default\">\n\t\t\t\t<div class=\"elementor-widget-container\">\n\t\t\t\t\t<h6 class=\"elementor-heading-title elementor-size-default\">Fisioterapeuta y oste\u00f3pata<\/h6>\t\t\t\t<\/div>\n\t\t\t\t<\/div>\n\t\t\t\t<div class=\"elementor-element elementor-element-8a9c040 elementor-widget__width-inherit elementor-mobile-align-center elementor-align-center elementor-widget elementor-widget-button\" data-id=\"8a9c040\" data-element_type=\"widget\" data-widget_type=\"button.default\">\n\t\t\t\t<div class=\"elementor-widget-container\">\n\t\t\t\t\t\t\t\t\t<div class=\"elementor-button-wrapper\">\n\t\t\t\t\t<a class=\"elementor-button elementor-button-link elementor-size-sm\" href=\"https:\/\/www.osteovitalsabadell.cat\/es\/quienes-somos\/raquel-hernando-garcia\/\">\n\t\t\t\t\t\t<span class=\"elementor-button-content-wrapper\">\n\t\t\t\t\t\t\t\t\t<span class=\"elementor-button-text\">M\u00e1s informaci\u00f3n<\/span>\n\t\t\t\t\t<\/span>\n\t\t\t\t\t<\/a>\n\t\t\t\t<\/div>\n\t\t\t\t\t\t\t\t<\/div>\n\t\t\t\t<\/div>\n\t\t\t\t\t<\/div>\n\t\t<\/div>\n\t\t\t\t\t<\/div>\n\t\t<\/section>\n\t\t\t\t\t<\/div>\n\t\t<\/div>\n\t\t\t\t\t<\/div>\n\t\t<\/section>\n\t\t\t\t<section class=\"elementor-section elementor-top-section elementor-element elementor-element-7e3a94e elementor-section-boxed elementor-section-height-default elementor-section-height-default\" data-id=\"7e3a94e\" data-element_type=\"section\">\n\t\t\t\t\t\t<div class=\"elementor-container elementor-column-gap-default\">\n\t\t\t\t\t<div class=\"elementor-column elementor-col-33 elementor-top-column elementor-element elementor-element-c570c05 elementor-hidden-tablet elementor-hidden-mobile\" data-id=\"c570c05\" data-element_type=\"column\">\n\t\t\t<div class=\"elementor-widget-wrap elementor-element-populated\">\n\t\t\t\t\t\t<section class=\"elementor-section elementor-inner-section elementor-element elementor-element-8adcf25 elementor-section-boxed elementor-section-height-default elementor-section-height-default\" data-id=\"8adcf25\" data-element_type=\"section\" data-settings=\"{&quot;background_background&quot;:&quot;classic&quot;}\">\n\t\t\t\t\t\t<div class=\"elementor-container elementor-column-gap-default\">\n\t\t\t\t\t<div class=\"elementor-column elementor-col-100 elementor-inner-column elementor-element elementor-element-d83b465\" data-id=\"d83b465\" data-element_type=\"column\">\n\t\t\t<div class=\"elementor-widget-wrap\">\n\t\t\t\t\t\t\t<\/div>\n\t\t<\/div>\n\t\t\t\t\t<\/div>\n\t\t<\/section>\n\t\t\t\t\t<\/div>\n\t\t<\/div>\n\t\t\t\t<div class=\"elementor-column elementor-col-33 elementor-top-column elementor-element elementor-element-dcf8448\" data-id=\"dcf8448\" data-element_type=\"column\">\n\t\t\t<div class=\"elementor-widget-wrap elementor-element-populated\">\n\t\t\t\t\t\t<div class=\"elementor-element elementor-element-29d56c6 elementor-widget elementor-widget-image\" data-id=\"29d56c6\" data-element_type=\"widget\" data-widget_type=\"image.default\">\n\t\t\t\t<div class=\"elementor-widget-container\">\n\t\t\t\t\t\t\t\t\t\t\t\t\t\t\t<img decoding=\"async\" src=\"https:\/\/www.osteovitalsabadell.cat\/wp-content\/uploads\/elementor\/thumbs\/NATALIA-rh2b0zn0gas81fvmfuucq3b8i94ti7f9psy9z5nzag.jpg\" title=\"NATALIA\" alt=\"imagen natalia\" loading=\"lazy\" \/>\t\t\t\t\t\t\t\t\t\t\t\t\t\t\t<\/div>\n\t\t\t\t<\/div>\n\t\t\t\t<section class=\"elementor-section elementor-inner-section elementor-element elementor-element-ab44e4b elementor-section-boxed elementor-section-height-default elementor-section-height-default\" data-id=\"ab44e4b\" data-element_type=\"section\" data-settings=\"{&quot;background_background&quot;:&quot;classic&quot;}\">\n\t\t\t\t\t\t<div class=\"elementor-container elementor-column-gap-default\">\n\t\t\t\t\t<div class=\"elementor-column elementor-col-100 elementor-inner-column elementor-element elementor-element-e6892ac\" data-id=\"e6892ac\" data-element_type=\"column\">\n\t\t\t<div class=\"elementor-widget-wrap elementor-element-populated\">\n\t\t\t\t\t\t<div class=\"elementor-element elementor-element-1d26b2a elementor-widget elementor-widget-heading\" data-id=\"1d26b2a\" data-element_type=\"widget\" data-widget_type=\"heading.default\">\n\t\t\t\t<div class=\"elementor-widget-container\">\n\t\t\t\t\t<h4 class=\"elementor-heading-title elementor-size-default\">Natalia Castro Cipr\u00e9s<\/h4>\t\t\t\t<\/div>\n\t\t\t\t<\/div>\n\t\t\t\t<div class=\"elementor-element elementor-element-9fd664c elementor-widget elementor-widget-heading\" data-id=\"9fd664c\" data-element_type=\"widget\" data-widget_type=\"heading.default\">\n\t\t\t\t<div class=\"elementor-widget-container\">\n\t\t\t\t\t<h6 class=\"elementor-heading-title elementor-size-default\">Fisioterapeuta\n<\/h6>\t\t\t\t<\/div>\n\t\t\t\t<\/div>\n\t\t\t\t<div class=\"elementor-element elementor-element-3ba24d7 elementor-widget__width-inherit elementor-mobile-align-center elementor-align-center elementor-widget elementor-widget-button\" data-id=\"3ba24d7\" data-element_type=\"widget\" data-widget_type=\"button.default\">\n\t\t\t\t<div class=\"elementor-widget-container\">\n\t\t\t\t\t\t\t\t\t<div class=\"elementor-button-wrapper\">\n\t\t\t\t\t<a class=\"elementor-button elementor-button-link elementor-size-sm\" href=\"https:\/\/www.osteovitalsabadell.cat\/es\/quienes-somos\/natalia-castro-cipres\/\">\n\t\t\t\t\t\t<span class=\"elementor-button-content-wrapper\">\n\t\t\t\t\t\t\t\t\t<span class=\"elementor-button-text\">M\u00e1s informaci\u00f3n<\/span>\n\t\t\t\t\t<\/span>\n\t\t\t\t\t<\/a>\n\t\t\t\t<\/div>\n\t\t\t\t\t\t\t\t<\/div>\n\t\t\t\t<\/div>\n\t\t\t\t\t<\/div>\n\t\t<\/div>\n\t\t\t\t\t<\/div>\n\t\t<\/section>\n\t\t\t\t\t<\/div>\n\t\t<\/div>\n\t\t\t\t<div class=\"elementor-column elementor-col-33 elementor-top-column elementor-element elementor-element-feab0ab elementor-hidden-tablet elementor-hidden-mobile\" data-id=\"feab0ab\" data-element_type=\"column\">\n\t\t\t<div class=\"elementor-widget-wrap elementor-element-populated\">\n\t\t\t\t\t\t<section class=\"elementor-section elementor-inner-section elementor-element elementor-element-bd90375 elementor-section-boxed elementor-section-height-default elementor-section-height-default\" data-id=\"bd90375\" data-element_type=\"section\" data-settings=\"{&quot;background_background&quot;:&quot;classic&quot;}\">\n\t\t\t\t\t\t<div class=\"elementor-container elementor-column-gap-default\">\n\t\t\t\t\t<div class=\"elementor-column elementor-col-100 elementor-inner-column elementor-element elementor-element-378336c\" data-id=\"378336c\" data-element_type=\"column\">\n\t\t\t<div class=\"elementor-widget-wrap\">\n\t\t\t\t\t\t\t<\/div>\n\t\t<\/div>\n\t\t\t\t\t<\/div>\n\t\t<\/section>\n\t\t\t\t\t<\/div>\n\t\t<\/div>\n\t\t\t\t\t<\/div>\n\t\t<\/section>\n\t\t\t\t<section class=\"elementor-section elementor-top-section elementor-element elementor-element-a244034 elementor-section-boxed elementor-section-height-default elementor-section-height-default\" data-id=\"a244034\" data-element_type=\"section\" id=\"installacions\" data-settings=\"{&quot;background_background&quot;:&quot;classic&quot;}\">\n\t\t\t\t\t\t<div class=\"elementor-container elementor-column-gap-default\">\n\t\t\t\t\t<div class=\"elementor-column elementor-col-100 elementor-top-column elementor-element elementor-element-0c4fb2d\" data-id=\"0c4fb2d\" data-element_type=\"column\">\n\t\t\t<div class=\"elementor-widget-wrap elementor-element-populated\">\n\t\t\t\t\t\t<div class=\"elementor-element elementor-element-0a79b14 elementor-invisible elementor-widget elementor-widget-text-editor\" data-id=\"0a79b14\" data-element_type=\"widget\" data-settings=\"{&quot;_animation&quot;:&quot;slideInUp&quot;,&quot;_animation_tablet&quot;:&quot;none&quot;,&quot;_animation_mobile&quot;:&quot;none&quot;}\" data-widget_type=\"text-editor.default\">\n\t\t\t\t<div class=\"elementor-widget-container\">\n\t\t\t\t\t\t\t\t\t<p>Situados en el barrio de Gracia de Sabadell<\/p>\t\t\t\t\t\t\t\t<\/div>\n\t\t\t\t<\/div>\n\t\t\t\t<div class=\"elementor-element elementor-element-306d6fb elementor-invisible elementor-widget elementor-widget-text-editor\" data-id=\"306d6fb\" data-element_type=\"widget\" data-settings=\"{&quot;_animation&quot;:&quot;slideInUp&quot;}\" data-widget_type=\"text-editor.default\">\n\t\t\t\t<div class=\"elementor-widget-container\">\n\t\t\t\t\t\t\t\t\tLa consulta se encuentra situada en el barrio de Gracia de Sabadell, en el <a href=\"#mapa\">Carrer Ausi\u00e0s Marc n\u00fam. 157<\/a>. Puede pedir cita <a href=\"https:\/\/www.osteovitalsabadell.cat\/es\/pedir-cita\/\">clicando aqu\u00ed<\/a>.\t\t\t\t\t\t\t\t<\/div>\n\t\t\t\t<\/div>\n\t\t\t\t\t<\/div>\n\t\t<\/div>\n\t\t\t\t\t<\/div>\n\t\t<\/section>\n\t\t\t\t<section class=\"elementor-section elementor-top-section elementor-element elementor-element-9f5e373 elementor-section-boxed elementor-section-height-default elementor-section-height-default\" data-id=\"9f5e373\" data-element_type=\"section\" data-settings=\"{&quot;background_background&quot;:&quot;classic&quot;}\">\n\t\t\t\t\t\t<div class=\"elementor-container elementor-column-gap-default\">\n\t\t\t\t\t<div class=\"elementor-column elementor-col-100 elementor-top-column elementor-element elementor-element-c9176cf\" data-id=\"c9176cf\" data-element_type=\"column\">\n\t\t\t<div class=\"elementor-widget-wrap elementor-element-populated\">\n\t\t\t\t\t\t<div class=\"elementor-element elementor-element-10d6cc8 elementor-arrows-position-outside elementor-widget elementor-widget-image-carousel\" data-id=\"10d6cc8\" data-element_type=\"widget\" data-settings=\"{&quot;slides_to_show&quot;:&quot;4&quot;,&quot;navigation&quot;:&quot;arrows&quot;,&quot;autoplay&quot;:&quot;no&quot;,&quot;image_spacing_custom&quot;:{&quot;unit&quot;:&quot;px&quot;,&quot;size&quot;:65,&quot;sizes&quot;:[]},&quot;slides_to_show_mobile&quot;:&quot;1&quot;,&quot;infinite&quot;:&quot;yes&quot;,&quot;speed&quot;:500,&quot;image_spacing_custom_tablet&quot;:{&quot;unit&quot;:&quot;px&quot;,&quot;size&quot;:&quot;&quot;,&quot;sizes&quot;:[]}}\" data-widget_type=\"image-carousel.default\">\n\t\t\t\t<div class=\"elementor-widget-container\">\n\t\t\t\t\t\t\t<div class=\"elementor-image-carousel-wrapper swiper\" role=\"region\" aria-roledescription=\"carousel\" aria-label=\"Carrusel de im\u00e1genes\" dir=\"ltr\">\n\t\t\t<div class=\"elementor-image-carousel swiper-wrapper\" aria-live=\"polite\">\n\t\t\t\t\t\t\t\t<div class=\"swiper-slide\" role=\"group\" aria-roledescription=\"slide\" aria-label=\"1 de 6\"><figure class=\"swiper-slide-inner\"><img decoding=\"async\" loading=\"lazy\" class=\"swiper-slide-image\" src=\"https:\/\/www.osteovitalsabadell.cat\/wp-content\/uploads\/2025\/07\/osteovital-instalaciones-1.jpg\" alt=\"imagen consulta osteovital\" \/><\/figure><\/div><div class=\"swiper-slide\" role=\"group\" aria-roledescription=\"slide\" aria-label=\"2 de 6\"><figure class=\"swiper-slide-inner\"><img decoding=\"async\" loading=\"lazy\" class=\"swiper-slide-image\" src=\"https:\/\/www.osteovitalsabadell.cat\/wp-content\/uploads\/2025\/07\/osteovital-instalaciones-2.jpg\" alt=\"imagen entrada osteovital\" \/><\/figure><\/div><div class=\"swiper-slide\" role=\"group\" aria-roledescription=\"slide\" aria-label=\"3 de 6\"><figure class=\"swiper-slide-inner\"><img decoding=\"async\" loading=\"lazy\" class=\"swiper-slide-image\" src=\"https:\/\/www.osteovitalsabadell.cat\/wp-content\/uploads\/2025\/07\/osteovital-instalaciones-3.jpg\" alt=\"imagen consulta osteovital\" \/><\/figure><\/div><div class=\"swiper-slide\" role=\"group\" aria-roledescription=\"slide\" aria-label=\"4 de 6\"><figure class=\"swiper-slide-inner\"><img decoding=\"async\" loading=\"lazy\" class=\"swiper-slide-image\" src=\"https:\/\/www.osteovitalsabadell.cat\/wp-content\/uploads\/2025\/07\/osteovital-instalaciones-4.jpg\" alt=\"imagen fachada osteovital\" \/><\/figure><\/div><div class=\"swiper-slide\" role=\"group\" aria-roledescription=\"slide\" aria-label=\"5 de 6\"><figure class=\"swiper-slide-inner\"><img decoding=\"async\" loading=\"lazy\" class=\"swiper-slide-image\" src=\"https:\/\/www.osteovitalsabadell.cat\/wp-content\/uploads\/2025\/07\/osteovital-instalaciones-5.jpg\" alt=\"imagen equipos osteovital\" \/><\/figure><\/div><div class=\"swiper-slide\" role=\"group\" aria-roledescription=\"slide\" aria-label=\"6 de 6\"><figure class=\"swiper-slide-inner\"><img decoding=\"async\" loading=\"lazy\" class=\"swiper-slide-image\" src=\"https:\/\/www.osteovitalsabadell.cat\/wp-content\/uploads\/2025\/07\/osteovital-instalaciones-6.jpg\" alt=\"imagen consulta osteovital\" \/><\/figure><\/div>\t\t\t<\/div>\n\t\t\t\t\t\t\t\t\t\t\t\t<div class=\"elementor-swiper-button elementor-swiper-button-prev\" role=\"button\" tabindex=\"0\">\n\t\t\t\t\t\t<i aria-hidden=\"true\" class=\"eicon-chevron-left\"><\/i>\t\t\t\t\t<\/div>\n\t\t\t\t\t<div class=\"elementor-swiper-button elementor-swiper-button-next\" role=\"button\" tabindex=\"0\">\n\t\t\t\t\t\t<i aria-hidden=\"true\" class=\"eicon-chevron-right\"><\/i>\t\t\t\t\t<\/div>\n\t\t\t\t\n\t\t\t\t\t\t\t\t\t<\/div>\n\t\t\t\t\t\t<\/div>\n\t\t\t\t<\/div>\n\t\t\t\t\t<\/div>\n\t\t<\/div>\n\t\t\t\t\t<\/div>\n\t\t<\/section>\n\t\t<div class=\"elementor-element elementor-element-9021990 e-con-full e-flex e-con e-parent\" data-id=\"9021990\" data-element_type=\"container\" id=\"mapa\">\n\t\t\t\t<div class=\"elementor-element elementor-element-05214ab elementor-widget elementor-widget-google_maps\" data-id=\"05214ab\" data-element_type=\"widget\" data-widget_type=\"google_maps.default\">\n\t\t\t\t<div class=\"elementor-widget-container\">\n\t\t\t\t\t\t\t<div class=\"elementor-custom-embed\">\n\t\t\t<iframe loading=\"lazy\" loading=\"lazy\"\n\t\t\t\t\tsrc=\"https:\/\/maps.google.com\/maps?q=osteovital%20sabadell&#038;t=m&#038;z=16&#038;output=embed&#038;iwloc=near\"\n\t\t\t\t\ttitle=\"osteovital sabadell\"\n\t\t\t\t\taria-label=\"osteovital sabadell\"\n\t\t\t><\/iframe>\n\t\t<\/div>\n\t\t\t\t\t\t<\/div>\n\t\t\t\t<\/div>\n\t\t\t\t<\/div>\n\t\t\t\t<\/div>\n\t\t","protected":false},"excerpt":{"rendered":"<p>Conoce nuestro equipo Profesionales cualificados para ofrecer el mejor servicio Marc Fern\u00e0ndez Masip Oste\u00f3pata D.O. y Fisioterapeuta M\u00e1s informaci\u00f3n Miriam Fern\u00e1ndez Ojeda Fisioterapeuta especializada en suelo p\u00e9lvico M\u00e1s informaci\u00f3n Anna Folch Psiconeuroinmun\u00f3loga M\u00e1s informaci\u00f3n Mario G\u00f3mez Conte Fisioterapeuta y oste\u00f3pata M\u00e1s informaci\u00f3n Marc Vil\u00e0 Canals Fisioterapeuta y oste\u00f3pata M\u00e1s informaci\u00f3n Raquel Hernando Garcia Fisioterapeuta y&#8230;<\/p>\n","protected":false},"author":1,"featured_media":0,"parent":0,"menu_order":0,"comment_status":"closed","ping_status":"closed","template":"","meta":{"footnotes":""},"class_list":["post-989036","page","type-page","status-publish","hentry"],"yoast_head":"<!-- This site is optimized with the Yoast SEO plugin v26.6 - https:\/\/yoast.com\/wordpress\/plugins\/seo\/ -->\n<title>Somos un Equipo multidisciplinar en fisioterapia y osteopat\u00eda<\/title>\n<meta name=\"description\" content=\"Descubre el equipo de Osteovital Sabadell: profesionales en fisioterapia y osteopat\u00eda dedicados a mejorar tu salud en Sabadell.\" \/>\n<meta name=\"robots\" content=\"index, follow, max-snippet:-1, max-image-preview:large, max-video-preview:-1\" \/>\n<link rel=\"canonical\" href=\"https:\/\/www.osteovitalsabadell.cat\/es\/quienes-somos\/\" \/>\n<meta property=\"og:locale\" content=\"es_ES\" \/>\n<meta property=\"og:type\" content=\"article\" \/>\n<meta property=\"og:title\" content=\"Somos un Equipo multidisciplinar en fisioterapia y osteopat\u00eda\" \/>\n<meta property=\"og:description\" content=\"Descubre el equipo de Osteovital Sabadell: profesionales en fisioterapia y osteopat\u00eda dedicados a mejorar tu salud en Sabadell.\" \/>\n<meta property=\"og:url\" content=\"https:\/\/www.osteovitalsabadell.cat\/es\/quienes-somos\/\" \/>\n<meta property=\"og:site_name\" content=\"Osteovital\" \/>\n<meta property=\"article:modified_time\" content=\"2025-10-07T14:48:50+00:00\" \/>\n<meta property=\"og:image\" content=\"https:\/\/www.osteovitalsabadell.cat\/wp-content\/uploads\/2025\/06\/ESTIRAMENTS.png\" \/>\n\t<meta property=\"og:image:width\" content=\"846\" \/>\n\t<meta property=\"og:image:height\" content=\"745\" \/>\n\t<meta property=\"og:image:type\" content=\"image\/png\" \/>\n<meta name=\"twitter:card\" content=\"summary_large_image\" \/>\n<meta name=\"twitter:label1\" content=\"Tiempo de lectura\" \/>\n\t<meta name=\"twitter:data1\" content=\"4 minutos\" \/>\n<script type=\"application\/ld+json\" class=\"yoast-schema-graph\">{\"@context\":\"https:\/\/schema.org\",\"@graph\":[{\"@type\":\"WebPage\",\"@id\":\"https:\/\/www.osteovitalsabadell.cat\/es\/quienes-somos\/\",\"url\":\"https:\/\/www.osteovitalsabadell.cat\/es\/quienes-somos\/\",\"name\":\"Somos un Equipo multidisciplinar en fisioterapia y osteopat\u00eda\",\"isPartOf\":{\"@id\":\"https:\/\/www.osteovitalsabadell.cat\/es\/#website\"},\"primaryImageOfPage\":{\"@id\":\"https:\/\/www.osteovitalsabadell.cat\/es\/quienes-somos\/#primaryimage\"},\"image\":{\"@id\":\"https:\/\/www.osteovitalsabadell.cat\/es\/quienes-somos\/#primaryimage\"},\"thumbnailUrl\":\"https:\/\/www.osteovitalsabadell.cat\/wp-content\/uploads\/2025\/06\/ESTIRAMENTS.png\",\"datePublished\":\"2025-07-08T13:21:46+00:00\",\"dateModified\":\"2025-10-07T14:48:50+00:00\",\"description\":\"Descubre el equipo de Osteovital Sabadell: profesionales en fisioterapia y osteopat\u00eda dedicados a mejorar tu salud en Sabadell.\",\"breadcrumb\":{\"@id\":\"https:\/\/www.osteovitalsabadell.cat\/es\/quienes-somos\/#breadcrumb\"},\"inLanguage\":\"es\",\"potentialAction\":[{\"@type\":\"ReadAction\",\"target\":[\"https:\/\/www.osteovitalsabadell.cat\/es\/quienes-somos\/\"]}]},{\"@type\":\"ImageObject\",\"inLanguage\":\"es\",\"@id\":\"https:\/\/www.osteovitalsabadell.cat\/es\/quienes-somos\/#primaryimage\",\"url\":\"https:\/\/www.osteovitalsabadell.cat\/wp-content\/uploads\/2025\/06\/ESTIRAMENTS.png\",\"contentUrl\":\"https:\/\/www.osteovitalsabadell.cat\/wp-content\/uploads\/2025\/06\/ESTIRAMENTS.png\"},{\"@type\":\"BreadcrumbList\",\"@id\":\"https:\/\/www.osteovitalsabadell.cat\/es\/quienes-somos\/#breadcrumb\",\"itemListElement\":[{\"@type\":\"ListItem\",\"position\":1,\"name\":\"Home\",\"item\":\"https:\/\/www.osteovitalsabadell.cat\/es\/inicio\/\"},{\"@type\":\"ListItem\",\"position\":2,\"name\":\"Qui\u00e9nes somos\"}]},{\"@type\":\"WebSite\",\"@id\":\"https:\/\/www.osteovitalsabadell.cat\/es\/#website\",\"url\":\"https:\/\/www.osteovitalsabadell.cat\/es\/\",\"name\":\"Osteovital\",\"description\":\"Osteopatia i Fisioter\u00e0pia a Sabadell\",\"potentialAction\":[{\"@type\":\"SearchAction\",\"target\":{\"@type\":\"EntryPoint\",\"urlTemplate\":\"https:\/\/www.osteovitalsabadell.cat\/es\/?s={search_term_string}\"},\"query-input\":{\"@type\":\"PropertyValueSpecification\",\"valueRequired\":true,\"valueName\":\"search_term_string\"}}],\"inLanguage\":\"es\"}]}<\/script>\n<!-- \/ Yoast SEO plugin. -->","yoast_head_json":{"title":"Somos un Equipo multidisciplinar en fisioterapia y osteopat\u00eda","description":"Descubre el equipo de Osteovital Sabadell: profesionales en fisioterapia y osteopat\u00eda dedicados a mejorar tu salud en Sabadell.","robots":{"index":"index","follow":"follow","max-snippet":"max-snippet:-1","max-image-preview":"max-image-preview:large","max-video-preview":"max-video-preview:-1"},"canonical":"https:\/\/www.osteovitalsabadell.cat\/es\/quienes-somos\/","og_locale":"es_ES","og_type":"article","og_title":"Somos un Equipo multidisciplinar en fisioterapia y osteopat\u00eda","og_description":"Descubre el equipo de Osteovital Sabadell: profesionales en fisioterapia y osteopat\u00eda dedicados a mejorar tu salud en Sabadell.","og_url":"https:\/\/www.osteovitalsabadell.cat\/es\/quienes-somos\/","og_site_name":"Osteovital","article_modified_time":"2025-10-07T14:48:50+00:00","og_image":[{"width":846,"height":745,"url":"https:\/\/www.osteovitalsabadell.cat\/wp-content\/uploads\/2025\/06\/ESTIRAMENTS.png","type":"image\/png"}],"twitter_card":"summary_large_image","twitter_misc":{"Tiempo de lectura":"4 minutos"},"schema":{"@context":"https:\/\/schema.org","@graph":[{"@type":"WebPage","@id":"https:\/\/www.osteovitalsabadell.cat\/es\/quienes-somos\/","url":"https:\/\/www.osteovitalsabadell.cat\/es\/quienes-somos\/","name":"Somos un Equipo multidisciplinar en fisioterapia y osteopat\u00eda","isPartOf":{"@id":"https:\/\/www.osteovitalsabadell.cat\/es\/#website"},"primaryImageOfPage":{"@id":"https:\/\/www.osteovitalsabadell.cat\/es\/quienes-somos\/#primaryimage"},"image":{"@id":"https:\/\/www.osteovitalsabadell.cat\/es\/quienes-somos\/#primaryimage"},"thumbnailUrl":"https:\/\/www.osteovitalsabadell.cat\/wp-content\/uploads\/2025\/06\/ESTIRAMENTS.png","datePublished":"2025-07-08T13:21:46+00:00","dateModified":"2025-10-07T14:48:50+00:00","description":"Descubre el equipo de Osteovital Sabadell: profesionales en fisioterapia y osteopat\u00eda dedicados a mejorar tu salud en Sabadell.","breadcrumb":{"@id":"https:\/\/www.osteovitalsabadell.cat\/es\/quienes-somos\/#breadcrumb"},"inLanguage":"es","potentialAction":[{"@type":"ReadAction","target":["https:\/\/www.osteovitalsabadell.cat\/es\/quienes-somos\/"]}]},{"@type":"ImageObject","inLanguage":"es","@id":"https:\/\/www.osteovitalsabadell.cat\/es\/quienes-somos\/#primaryimage","url":"https:\/\/www.osteovitalsabadell.cat\/wp-content\/uploads\/2025\/06\/ESTIRAMENTS.png","contentUrl":"https:\/\/www.osteovitalsabadell.cat\/wp-content\/uploads\/2025\/06\/ESTIRAMENTS.png"},{"@type":"BreadcrumbList","@id":"https:\/\/www.osteovitalsabadell.cat\/es\/quienes-somos\/#breadcrumb","itemListElement":[{"@type":"ListItem","position":1,"name":"Home","item":"https:\/\/www.osteovitalsabadell.cat\/es\/inicio\/"},{"@type":"ListItem","position":2,"name":"Qui\u00e9nes somos"}]},{"@type":"WebSite","@id":"https:\/\/www.osteovitalsabadell.cat\/es\/#website","url":"https:\/\/www.osteovitalsabadell.cat\/es\/","name":"Osteovital","description":"Osteopatia i Fisioter\u00e0pia a Sabadell","potentialAction":[{"@type":"SearchAction","target":{"@type":"EntryPoint","urlTemplate":"https:\/\/www.osteovitalsabadell.cat\/es\/?s={search_term_string}"},"query-input":{"@type":"PropertyValueSpecification","valueRequired":true,"valueName":"search_term_string"}}],"inLanguage":"es"}]}},"_links":{"self":[{"href":"https:\/\/www.osteovitalsabadell.cat\/es\/wp-json\/wp\/v2\/pages\/989036","targetHints":{"allow":["GET"]}}],"collection":[{"href":"https:\/\/www.osteovitalsabadell.cat\/es\/wp-json\/wp\/v2\/pages"}],"about":[{"href":"https:\/\/www.osteovitalsabadell.cat\/es\/wp-json\/wp\/v2\/types\/page"}],"author":[{"embeddable":true,"href":"https:\/\/www.osteovitalsabadell.cat\/es\/wp-json\/wp\/v2\/users\/1"}],"replies":[{"embeddable":true,"href":"https:\/\/www.osteovitalsabadell.cat\/es\/wp-json\/wp\/v2\/comments?post=989036"}],"version-history":[{"count":12,"href":"https:\/\/www.osteovitalsabadell.cat\/es\/wp-json\/wp\/v2\/pages\/989036\/revisions"}],"predecessor-version":[{"id":989675,"href":"https:\/\/www.osteovitalsabadell.cat\/es\/wp-json\/wp\/v2\/pages\/989036\/revisions\/989675"}],"wp:attachment":[{"href":"https:\/\/www.osteovitalsabadell.cat\/es\/wp-json\/wp\/v2\/media?parent=989036"}],"curies":[{"name":"wp","href":"https:\/\/api.w.org\/{rel}","templated":true}]}}