{"id":989046,"date":"2025-07-08T17:19:57","date_gmt":"2025-07-08T15:19:57","guid":{"rendered":"https:\/\/www.osteovitalsabadell.cat\/quienes-somos\/anna-folch\/"},"modified":"2026-01-15T16:26:10","modified_gmt":"2026-01-15T14:26:10","slug":"anna-folch","status":"publish","type":"page","link":"https:\/\/www.osteovitalsabadell.cat\/es\/quienes-somos\/anna-folch\/","title":{"rendered":"Anna Folch"},"content":{"rendered":"\t\t<div data-elementor-type=\"wp-page\" data-elementor-id=\"989046\" class=\"elementor elementor-989046 elementor-988044\" data-elementor-post-type=\"page\">\n\t\t\t\t\t\t<section class=\"elementor-section elementor-top-section elementor-element elementor-element-d32fb58 elementor-section-height-min-height elementor-section-items-stretch elementor-section-full_width elementor-section-height-default\" data-id=\"d32fb58\" data-element_type=\"section\">\n\t\t\t\t\t\t<div class=\"elementor-container elementor-column-gap-default\">\n\t\t\t\t\t<div class=\"elementor-column elementor-col-100 elementor-top-column elementor-element elementor-element-1385dc1\" data-id=\"1385dc1\" data-element_type=\"column\" data-settings=\"{&quot;background_background&quot;:&quot;classic&quot;}\">\n\t\t\t<div class=\"elementor-widget-wrap elementor-element-populated\">\n\t\t\t\t\t\t<section class=\"elementor-section elementor-inner-section elementor-element elementor-element-884f848 elementor-section-content-bottom elementor-reverse-mobile elementor-section-boxed elementor-section-height-default elementor-section-height-default\" data-id=\"884f848\" data-element_type=\"section\" data-settings=\"{&quot;background_background&quot;:&quot;classic&quot;}\">\n\t\t\t\t\t\t<div class=\"elementor-container elementor-column-gap-default\">\n\t\t\t\t\t<div class=\"elementor-column elementor-col-50 elementor-inner-column elementor-element elementor-element-4d0bddf\" data-id=\"4d0bddf\" data-element_type=\"column\">\n\t\t\t<div class=\"elementor-widget-wrap elementor-element-populated\">\n\t\t\t\t\t\t<div class=\"elementor-element elementor-element-49bca71 elementor-widget elementor-widget-heading\" data-id=\"49bca71\" data-element_type=\"widget\" data-widget_type=\"heading.default\">\n\t\t\t\t<div class=\"elementor-widget-container\">\n\t\t\t\t\t<h1 class=\"elementor-heading-title elementor-size-default\">Anna Folch<\/h1>\t\t\t\t<\/div>\n\t\t\t\t<\/div>\n\t\t\t\t<div class=\"elementor-element elementor-element-2a4fc37 elementor-widget elementor-widget-heading\" data-id=\"2a4fc37\" data-element_type=\"widget\" data-widget_type=\"heading.default\">\n\t\t\t\t<div class=\"elementor-widget-container\">\n\t\t\t\t\t<h5 class=\"elementor-heading-title elementor-size-default\">Psiconeuroinmun\u00f3loga<\/h5>\t\t\t\t<\/div>\n\t\t\t\t<\/div>\n\t\t\t\t<div class=\"elementor-element elementor-element-4d6e068 elementor-hidden-phone elementor-widget-divider--view-line elementor-widget elementor-widget-divider\" data-id=\"4d6e068\" data-element_type=\"widget\" data-widget_type=\"divider.default\">\n\t\t\t\t<div class=\"elementor-widget-container\">\n\t\t\t\t\t\t\t<div class=\"elementor-divider\">\n\t\t\t<span class=\"elementor-divider-separator\">\n\t\t\t\t\t\t<\/span>\n\t\t<\/div>\n\t\t\t\t\t\t<\/div>\n\t\t\t\t<\/div>\n\t\t\t\t<div class=\"elementor-element elementor-element-319f69d elementor-tablet-align-justify elementor-mobile-align-justify elementor-widget__width-auto elementor-widget-mobile__width-inherit elementor-widget elementor-widget-button\" data-id=\"319f69d\" data-element_type=\"widget\" data-widget_type=\"button.default\">\n\t\t\t\t<div class=\"elementor-widget-container\">\n\t\t\t\t\t\t\t\t\t<div class=\"elementor-button-wrapper\">\n\t\t\t\t\t<a class=\"elementor-button elementor-button-link elementor-size-sm\" href=\"https:\/\/www.osteovitalsabadell.cat\/es\/pedir-cita\/\">\n\t\t\t\t\t\t<span class=\"elementor-button-content-wrapper\">\n\t\t\t\t\t\t\t\t\t<span class=\"elementor-button-text\">Pedir cita<\/span>\n\t\t\t\t\t<\/span>\n\t\t\t\t\t<\/a>\n\t\t\t\t<\/div>\n\t\t\t\t\t\t\t\t<\/div>\n\t\t\t\t<\/div>\n\t\t\t\t\t<\/div>\n\t\t<\/div>\n\t\t\t\t<div class=\"elementor-column elementor-col-50 elementor-inner-column elementor-element elementor-element-be0cba3\" data-id=\"be0cba3\" data-element_type=\"column\" data-settings=\"{&quot;background_background&quot;:&quot;classic&quot;,&quot;background_motion_fx_motion_fx_scrolling&quot;:&quot;yes&quot;,&quot;background_motion_fx_scale_effect&quot;:&quot;yes&quot;,&quot;background_motion_fx_scale_direction&quot;:&quot;in-out-in&quot;,&quot;background_motion_fx_scale_speed&quot;:{&quot;unit&quot;:&quot;px&quot;,&quot;size&quot;:2,&quot;sizes&quot;:[]},&quot;background_motion_fx_scale_range&quot;:{&quot;unit&quot;:&quot;%&quot;,&quot;size&quot;:&quot;&quot;,&quot;sizes&quot;:{&quot;start&quot;:30,&quot;end&quot;:70}},&quot;background_motion_fx_devices&quot;:[&quot;desktop&quot;]}\">\n\t\t\t<div class=\"elementor-widget-wrap elementor-element-populated\">\n\t\t\t\t\t\t<div class=\"elementor-element elementor-element-f605d74 elementor-widget elementor-widget-spacer\" data-id=\"f605d74\" data-element_type=\"widget\" data-widget_type=\"spacer.default\">\n\t\t\t\t<div class=\"elementor-widget-container\">\n\t\t\t\t\t\t\t<div class=\"elementor-spacer\">\n\t\t\t<div class=\"elementor-spacer-inner\"><\/div>\n\t\t<\/div>\n\t\t\t\t\t\t<\/div>\n\t\t\t\t<\/div>\n\t\t\t\t\t<\/div>\n\t\t<\/div>\n\t\t\t\t\t<\/div>\n\t\t<\/section>\n\t\t\t\t\t<\/div>\n\t\t<\/div>\n\t\t\t\t\t<\/div>\n\t\t<\/section>\n\t\t\t\t<section class=\"elementor-section elementor-top-section elementor-element elementor-element-25d1a50 elementor-section-boxed elementor-section-height-default elementor-section-height-default\" data-id=\"25d1a50\" data-element_type=\"section\">\n\t\t\t\t\t\t<div class=\"elementor-container elementor-column-gap-default\">\n\t\t\t\t\t<div class=\"elementor-column elementor-col-100 elementor-top-column elementor-element elementor-element-f7c0adf\" data-id=\"f7c0adf\" data-element_type=\"column\">\n\t\t\t<div class=\"elementor-widget-wrap elementor-element-populated\">\n\t\t\t\t\t\t<section class=\"elementor-section elementor-inner-section elementor-element elementor-element-5b6d1f1 elementor-section-boxed elementor-section-height-default elementor-section-height-default\" data-id=\"5b6d1f1\" data-element_type=\"section\">\n\t\t\t\t\t\t<div class=\"elementor-container elementor-column-gap-default\">\n\t\t\t\t\t<div class=\"elementor-column elementor-col-33 elementor-inner-column elementor-element elementor-element-0e35214\" data-id=\"0e35214\" data-element_type=\"column\">\n\t\t\t<div class=\"elementor-widget-wrap elementor-element-populated\">\n\t\t\t\t\t\t<div class=\"elementor-element elementor-element-6760fb8 elementor-widget-tablet__width-initial elementor-view-default elementor-position-block-start elementor-mobile-position-block-start elementor-widget elementor-widget-icon-box\" data-id=\"6760fb8\" data-element_type=\"widget\" data-widget_type=\"icon-box.default\">\n\t\t\t\t<div class=\"elementor-widget-container\">\n\t\t\t\t\t\t\t\t\t<div  class=\"elementor-icon-box-wrapper\">\n\t\t\t\t\t\t\t\t\t\t<div class=\"elementor-icon-box-icon\">\n\t\t\t\t\t\t<span class=\"elementor-icon elementor-animation-\" >\n\t\t\t\t\t\t<i aria-hidden=\"true\" class=\"fas fa-graduation-cap\"><\/i>\t\t\t\t\t\t<\/span>\n\t\t\t\t\t<\/div>\n\t\t\t\t\t\t\t\t\t\t<div class=\"elementor-icon-box-content\">\n\t\t\t\t\t\t<h4 class=\"elementor-icon-box-title\">\n\t\t\t\t\t\t\t<span >Postgrado de PNIE y Nutrici\u00f3n Ortomolecular<\/span>\n\t\t\t\t\t\t<\/h4>\n\t\t\t\t\t\t\t\t\t\t\t\t<p class=\"elementor-icon-box-description\">Kenzen (Xevi Verdaguer)<\/p>\n\t\t\t\t\t\t\t\t\t\t\t<\/div>\n\t\t\t\t<\/div>\n\t\t\t\t\t\t\t\t<\/div>\n\t\t\t\t<\/div>\n\t\t\t\t<div class=\"elementor-element elementor-element-a9ec35f elementor-widget-tablet__width-initial elementor-view-default elementor-position-block-start elementor-mobile-position-block-start elementor-widget elementor-widget-icon-box\" data-id=\"a9ec35f\" data-element_type=\"widget\" data-widget_type=\"icon-box.default\">\n\t\t\t\t<div class=\"elementor-widget-container\">\n\t\t\t\t\t\t\t\t\t<div  class=\"elementor-icon-box-wrapper\">\n\t\t\t\t\t\t\t\t\t\t<div class=\"elementor-icon-box-icon\">\n\t\t\t\t\t\t<span class=\"elementor-icon elementor-animation-\" >\n\t\t\t\t\t\t<i aria-hidden=\"true\" class=\"fas fa-graduation-cap\"><\/i>\t\t\t\t\t\t<\/span>\n\t\t\t\t\t<\/div>\n\t\t\t\t\t\t\t\t\t\t<div class=\"elementor-icon-box-content\">\n\t\t\t\t\t\t<h4 class=\"elementor-icon-box-title\">\n\t\t\t\t\t\t\t<span >Diplomatura Universitaria Terapia Ocupacional<\/span>\n\t\t\t\t\t\t<\/h4>\n\t\t\t\t\t\t\t\t\t\t\t<\/div>\n\t\t\t\t<\/div>\n\t\t\t\t\t\t\t\t<\/div>\n\t\t\t\t<\/div>\n\t\t\t\t\t<\/div>\n\t\t<\/div>\n\t\t\t\t<div class=\"elementor-column elementor-col-33 elementor-inner-column elementor-element elementor-element-eac8a24 elementor-hidden-phone\" data-id=\"eac8a24\" data-element_type=\"column\">\n\t\t\t<div class=\"elementor-widget-wrap elementor-element-populated\">\n\t\t\t\t\t\t<div class=\"elementor-element elementor-element-8a3fd82 elementor-widget elementor-widget-spacer\" data-id=\"8a3fd82\" data-element_type=\"widget\" data-widget_type=\"spacer.default\">\n\t\t\t\t<div class=\"elementor-widget-container\">\n\t\t\t\t\t\t\t<div class=\"elementor-spacer\">\n\t\t\t<div class=\"elementor-spacer-inner\"><\/div>\n\t\t<\/div>\n\t\t\t\t\t\t<\/div>\n\t\t\t\t<\/div>\n\t\t\t\t\t<\/div>\n\t\t<\/div>\n\t\t\t\t<div class=\"elementor-column elementor-col-33 elementor-inner-column elementor-element elementor-element-182fb52\" data-id=\"182fb52\" data-element_type=\"column\" data-settings=\"{&quot;background_background&quot;:&quot;classic&quot;}\">\n\t\t\t<div class=\"elementor-widget-wrap elementor-element-populated\">\n\t\t\t\t\t\t<div class=\"elementor-element elementor-element-dd95fc5 elementor-widget__width-auto elementor-widget elementor-widget-heading\" data-id=\"dd95fc5\" data-element_type=\"widget\" data-widget_type=\"heading.default\">\n\t\t\t\t<div class=\"elementor-widget-container\">\n\t\t\t\t\t<h4 class=\"elementor-heading-title elementor-size-default\">Formaci\u00f3n adicional<\/h4>\t\t\t\t<\/div>\n\t\t\t\t<\/div>\n\t\t\t\t<div class=\"elementor-element elementor-element-1e8a8bb elementor-widget elementor-widget-text-editor\" data-id=\"1e8a8bb\" data-element_type=\"widget\" data-widget_type=\"text-editor.default\">\n\t\t\t\t<div class=\"elementor-widget-container\">\n\t\t\t\t\t\t\t\t\t<p>&#8211; Curso biorregulaci\u00f3n Segmento Metam\u00e9rico. <strong>O&#8217;Bryne<\/strong>.<br>&#8211; Curso de Reflexolog\u00eda podal y Medicina tradicional China.<br>&#8211; Curso de Reflexolog\u00eda Facial. <strong>Lone Sorensen<\/strong>.<br>&#8211; Curso de Lifting&#8217;s Japon\u00e9s.<\/p>\t\t\t\t\t\t\t\t<\/div>\n\t\t\t\t<\/div>\n\t\t\t\t\t<\/div>\n\t\t<\/div>\n\t\t\t\t\t<\/div>\n\t\t<\/section>\n\t\t\t\t\t<\/div>\n\t\t<\/div>\n\t\t\t\t\t<\/div>\n\t\t<\/section>\n\t\t\t\t<\/div>\n\t\t","protected":false},"excerpt":{"rendered":"<p>Anna Folch Psiconeuroinmun\u00f3loga Pedir cita Postgrado de PNIE y Nutrici\u00f3n Ortomolecular Kenzen (Xevi Verdaguer) Diplomatura Universitaria Terapia Ocupacional Formaci\u00f3n adicional &#8211; Curso biorregulaci\u00f3n Segmento Metam\u00e9rico. O&#8217;Bryne.&#8211; Curso de Reflexolog\u00eda podal y Medicina tradicional China.&#8211; Curso de Reflexolog\u00eda Facial. Lone Sorensen.&#8211; Curso de Lifting&#8217;s Japon\u00e9s.<\/p>\n","protected":false},"author":1,"featured_media":0,"parent":989036,"menu_order":0,"comment_status":"closed","ping_status":"closed","template":"","meta":{"footnotes":""},"class_list":["post-989046","page","type-page","status-publish","hentry"],"yoast_head":"<!-- This site is optimized with the Yoast SEO plugin v26.6 - https:\/\/yoast.com\/wordpress\/plugins\/seo\/ -->\n<title>Anna Folch \u2013 Oste\u00f2pata i fisioterapeuta a Sabadell | Osteovital<\/title>\n<meta name=\"description\" content=\"Coneix l\u2019Anna Folch, oste\u00f2pata i fisioterapeuta d\u2019Osteovital Sabadell. Tractaments personalitzats per al teu benestar corporal i emocional.\" \/>\n<meta name=\"robots\" content=\"index, follow, max-snippet:-1, max-image-preview:large, max-video-preview:-1\" \/>\n<link rel=\"canonical\" href=\"https:\/\/www.osteovitalsabadell.cat\/es\/quienes-somos\/anna-folch\/\" \/>\n<meta property=\"og:locale\" content=\"es_ES\" \/>\n<meta property=\"og:type\" content=\"article\" \/>\n<meta property=\"og:title\" content=\"Anna Folch \u2013 Oste\u00f2pata i fisioterapeuta a Sabadell | Osteovital\" \/>\n<meta property=\"og:description\" content=\"Coneix l\u2019Anna Folch, oste\u00f2pata i fisioterapeuta d\u2019Osteovital Sabadell. Tractaments personalitzats per al teu benestar corporal i emocional.\" \/>\n<meta property=\"og:url\" content=\"https:\/\/www.osteovitalsabadell.cat\/es\/quienes-somos\/anna-folch\/\" \/>\n<meta property=\"og:site_name\" content=\"Osteovital\" \/>\n<meta property=\"article:modified_time\" content=\"2026-01-15T14:26:10+00:00\" \/>\n<meta name=\"twitter:card\" content=\"summary_large_image\" \/>\n<meta name=\"twitter:label1\" content=\"Tiempo de lectura\" \/>\n\t<meta name=\"twitter:data1\" content=\"1 minuto\" \/>\n<script type=\"application\/ld+json\" class=\"yoast-schema-graph\">{\"@context\":\"https:\/\/schema.org\",\"@graph\":[{\"@type\":\"WebPage\",\"@id\":\"https:\/\/www.osteovitalsabadell.cat\/es\/quienes-somos\/anna-folch\/\",\"url\":\"https:\/\/www.osteovitalsabadell.cat\/es\/quienes-somos\/anna-folch\/\",\"name\":\"Anna Folch \u2013 Oste\u00f2pata i fisioterapeuta a Sabadell | Osteovital\",\"isPartOf\":{\"@id\":\"https:\/\/www.osteovitalsabadell.cat\/es\/#website\"},\"datePublished\":\"2025-07-08T15:19:57+00:00\",\"dateModified\":\"2026-01-15T14:26:10+00:00\",\"description\":\"Coneix l\u2019Anna Folch, oste\u00f2pata i fisioterapeuta d\u2019Osteovital Sabadell. Tractaments personalitzats per al teu benestar corporal i emocional.\",\"breadcrumb\":{\"@id\":\"https:\/\/www.osteovitalsabadell.cat\/es\/quienes-somos\/anna-folch\/#breadcrumb\"},\"inLanguage\":\"es\",\"potentialAction\":[{\"@type\":\"ReadAction\",\"target\":[\"https:\/\/www.osteovitalsabadell.cat\/es\/quienes-somos\/anna-folch\/\"]}]},{\"@type\":\"BreadcrumbList\",\"@id\":\"https:\/\/www.osteovitalsabadell.cat\/es\/quienes-somos\/anna-folch\/#breadcrumb\",\"itemListElement\":[{\"@type\":\"ListItem\",\"position\":1,\"name\":\"Home\",\"item\":\"https:\/\/www.osteovitalsabadell.cat\/es\/inicio\/\"},{\"@type\":\"ListItem\",\"position\":2,\"name\":\"Qui\u00e9nes somos\",\"item\":\"https:\/\/www.osteovitalsabadell.cat\/es\/quienes-somos\/\"},{\"@type\":\"ListItem\",\"position\":3,\"name\":\"Anna Folch\"}]},{\"@type\":\"WebSite\",\"@id\":\"https:\/\/www.osteovitalsabadell.cat\/es\/#website\",\"url\":\"https:\/\/www.osteovitalsabadell.cat\/es\/\",\"name\":\"Osteovital\",\"description\":\"Osteopatia i Fisioter\u00e0pia a Sabadell\",\"potentialAction\":[{\"@type\":\"SearchAction\",\"target\":{\"@type\":\"EntryPoint\",\"urlTemplate\":\"https:\/\/www.osteovitalsabadell.cat\/es\/?s={search_term_string}\"},\"query-input\":{\"@type\":\"PropertyValueSpecification\",\"valueRequired\":true,\"valueName\":\"search_term_string\"}}],\"inLanguage\":\"es\"}]}<\/script>\n<!-- \/ Yoast SEO plugin. -->","yoast_head_json":{"title":"Anna Folch \u2013 Oste\u00f2pata i fisioterapeuta a Sabadell | Osteovital","description":"Coneix l\u2019Anna Folch, oste\u00f2pata i fisioterapeuta d\u2019Osteovital Sabadell. Tractaments personalitzats per al teu benestar corporal i emocional.","robots":{"index":"index","follow":"follow","max-snippet":"max-snippet:-1","max-image-preview":"max-image-preview:large","max-video-preview":"max-video-preview:-1"},"canonical":"https:\/\/www.osteovitalsabadell.cat\/es\/quienes-somos\/anna-folch\/","og_locale":"es_ES","og_type":"article","og_title":"Anna Folch \u2013 Oste\u00f2pata i fisioterapeuta a Sabadell | Osteovital","og_description":"Coneix l\u2019Anna Folch, oste\u00f2pata i fisioterapeuta d\u2019Osteovital Sabadell. Tractaments personalitzats per al teu benestar corporal i emocional.","og_url":"https:\/\/www.osteovitalsabadell.cat\/es\/quienes-somos\/anna-folch\/","og_site_name":"Osteovital","article_modified_time":"2026-01-15T14:26:10+00:00","twitter_card":"summary_large_image","twitter_misc":{"Tiempo de lectura":"1 minuto"},"schema":{"@context":"https:\/\/schema.org","@graph":[{"@type":"WebPage","@id":"https:\/\/www.osteovitalsabadell.cat\/es\/quienes-somos\/anna-folch\/","url":"https:\/\/www.osteovitalsabadell.cat\/es\/quienes-somos\/anna-folch\/","name":"Anna Folch \u2013 Oste\u00f2pata i fisioterapeuta a Sabadell | Osteovital","isPartOf":{"@id":"https:\/\/www.osteovitalsabadell.cat\/es\/#website"},"datePublished":"2025-07-08T15:19:57+00:00","dateModified":"2026-01-15T14:26:10+00:00","description":"Coneix l\u2019Anna Folch, oste\u00f2pata i fisioterapeuta d\u2019Osteovital Sabadell. Tractaments personalitzats per al teu benestar corporal i emocional.","breadcrumb":{"@id":"https:\/\/www.osteovitalsabadell.cat\/es\/quienes-somos\/anna-folch\/#breadcrumb"},"inLanguage":"es","potentialAction":[{"@type":"ReadAction","target":["https:\/\/www.osteovitalsabadell.cat\/es\/quienes-somos\/anna-folch\/"]}]},{"@type":"BreadcrumbList","@id":"https:\/\/www.osteovitalsabadell.cat\/es\/quienes-somos\/anna-folch\/#breadcrumb","itemListElement":[{"@type":"ListItem","position":1,"name":"Home","item":"https:\/\/www.osteovitalsabadell.cat\/es\/inicio\/"},{"@type":"ListItem","position":2,"name":"Qui\u00e9nes somos","item":"https:\/\/www.osteovitalsabadell.cat\/es\/quienes-somos\/"},{"@type":"ListItem","position":3,"name":"Anna Folch"}]},{"@type":"WebSite","@id":"https:\/\/www.osteovitalsabadell.cat\/es\/#website","url":"https:\/\/www.osteovitalsabadell.cat\/es\/","name":"Osteovital","description":"Osteopatia i Fisioter\u00e0pia a Sabadell","potentialAction":[{"@type":"SearchAction","target":{"@type":"EntryPoint","urlTemplate":"https:\/\/www.osteovitalsabadell.cat\/es\/?s={search_term_string}"},"query-input":{"@type":"PropertyValueSpecification","valueRequired":true,"valueName":"search_term_string"}}],"inLanguage":"es"}]}},"_links":{"self":[{"href":"https:\/\/www.osteovitalsabadell.cat\/es\/wp-json\/wp\/v2\/pages\/989046","targetHints":{"allow":["GET"]}}],"collection":[{"href":"https:\/\/www.osteovitalsabadell.cat\/es\/wp-json\/wp\/v2\/pages"}],"about":[{"href":"https:\/\/www.osteovitalsabadell.cat\/es\/wp-json\/wp\/v2\/types\/page"}],"author":[{"embeddable":true,"href":"https:\/\/www.osteovitalsabadell.cat\/es\/wp-json\/wp\/v2\/users\/1"}],"replies":[{"embeddable":true,"href":"https:\/\/www.osteovitalsabadell.cat\/es\/wp-json\/wp\/v2\/comments?post=989046"}],"version-history":[{"count":2,"href":"https:\/\/www.osteovitalsabadell.cat\/es\/wp-json\/wp\/v2\/pages\/989046\/revisions"}],"predecessor-version":[{"id":989529,"href":"https:\/\/www.osteovitalsabadell.cat\/es\/wp-json\/wp\/v2\/pages\/989046\/revisions\/989529"}],"up":[{"embeddable":true,"href":"https:\/\/www.osteovitalsabadell.cat\/es\/wp-json\/wp\/v2\/pages\/989036"}],"wp:attachment":[{"href":"https:\/\/www.osteovitalsabadell.cat\/es\/wp-json\/wp\/v2\/media?parent=989046"}],"curies":[{"name":"wp","href":"https:\/\/api.w.org\/{rel}","templated":true}]}}