{"id":989056,"date":"2025-07-08T17:13:10","date_gmt":"2025-07-08T15:13:10","guid":{"rendered":"https:\/\/www.osteovitalsabadell.cat\/quienes-somos\/miriam-fernandez-ojeda\/"},"modified":"2025-12-24T12:41:45","modified_gmt":"2025-12-24T10:41:45","slug":"miriam-fernandez-ojeda","status":"publish","type":"page","link":"https:\/\/www.osteovitalsabadell.cat\/es\/quienes-somos\/miriam-fernandez-ojeda\/","title":{"rendered":"Miriam Fern\u00e1ndez Ojeda"},"content":{"rendered":"\t\t<div data-elementor-type=\"wp-page\" data-elementor-id=\"989056\" class=\"elementor elementor-989056 elementor-988029\" data-elementor-post-type=\"page\">\n\t\t\t\t\t\t<section class=\"elementor-section elementor-top-section elementor-element elementor-element-d32fb58 elementor-section-height-min-height elementor-section-items-stretch elementor-section-full_width elementor-section-height-default\" data-id=\"d32fb58\" data-element_type=\"section\">\n\t\t\t\t\t\t<div class=\"elementor-container elementor-column-gap-default\">\n\t\t\t\t\t<div class=\"elementor-column elementor-col-100 elementor-top-column elementor-element elementor-element-1385dc1\" data-id=\"1385dc1\" data-element_type=\"column\" data-settings=\"{&quot;background_background&quot;:&quot;classic&quot;}\">\n\t\t\t<div class=\"elementor-widget-wrap elementor-element-populated\">\n\t\t\t\t\t\t<section class=\"elementor-section elementor-inner-section elementor-element elementor-element-884f848 elementor-section-content-bottom elementor-reverse-mobile elementor-section-boxed elementor-section-height-default elementor-section-height-default\" data-id=\"884f848\" data-element_type=\"section\" data-settings=\"{&quot;background_background&quot;:&quot;classic&quot;}\">\n\t\t\t\t\t\t<div class=\"elementor-container elementor-column-gap-default\">\n\t\t\t\t\t<div class=\"elementor-column elementor-col-50 elementor-inner-column elementor-element elementor-element-4d0bddf\" data-id=\"4d0bddf\" data-element_type=\"column\">\n\t\t\t<div class=\"elementor-widget-wrap elementor-element-populated\">\n\t\t\t\t\t\t<div class=\"elementor-element elementor-element-49bca71 elementor-widget elementor-widget-heading\" data-id=\"49bca71\" data-element_type=\"widget\" data-widget_type=\"heading.default\">\n\t\t\t\t<div class=\"elementor-widget-container\">\n\t\t\t\t\t<h1 class=\"elementor-heading-title elementor-size-default\">Miriam Fern\u00e1ndez Ojeda<\/h1>\t\t\t\t<\/div>\n\t\t\t\t<\/div>\n\t\t\t\t<div class=\"elementor-element elementor-element-2a4fc37 elementor-widget elementor-widget-heading\" data-id=\"2a4fc37\" data-element_type=\"widget\" data-widget_type=\"heading.default\">\n\t\t\t\t<div class=\"elementor-widget-container\">\n\t\t\t\t\t<h5 class=\"elementor-heading-title elementor-size-default\">Fisioterapeuta especializada en suelo p\u00e9lvico<\/h5>\t\t\t\t<\/div>\n\t\t\t\t<\/div>\n\t\t\t\t<div class=\"elementor-element elementor-element-489fded elementor-widget elementor-widget-heading\" data-id=\"489fded\" data-element_type=\"widget\" data-widget_type=\"heading.default\">\n\t\t\t\t<div class=\"elementor-widget-container\">\n\t\t\t\t\t<h5 class=\"elementor-heading-title elementor-size-default\">Colegiado n\u00fam. 11.766\n\n<\/h5>\t\t\t\t<\/div>\n\t\t\t\t<\/div>\n\t\t\t\t<div class=\"elementor-element elementor-element-4d6e068 elementor-hidden-phone elementor-widget-divider--view-line elementor-widget elementor-widget-divider\" data-id=\"4d6e068\" data-element_type=\"widget\" data-widget_type=\"divider.default\">\n\t\t\t\t<div class=\"elementor-widget-container\">\n\t\t\t\t\t\t\t<div class=\"elementor-divider\">\n\t\t\t<span class=\"elementor-divider-separator\">\n\t\t\t\t\t\t<\/span>\n\t\t<\/div>\n\t\t\t\t\t\t<\/div>\n\t\t\t\t<\/div>\n\t\t\t\t<div class=\"elementor-element elementor-element-319f69d elementor-tablet-align-justify elementor-mobile-align-justify elementor-widget__width-auto elementor-widget-mobile__width-inherit elementor-widget elementor-widget-button\" data-id=\"319f69d\" data-element_type=\"widget\" data-widget_type=\"button.default\">\n\t\t\t\t<div class=\"elementor-widget-container\">\n\t\t\t\t\t\t\t\t\t<div class=\"elementor-button-wrapper\">\n\t\t\t\t\t<a class=\"elementor-button elementor-button-link elementor-size-sm\" href=\"https:\/\/www.osteovitalsabadell.cat\/es\/pedir-cita\/\">\n\t\t\t\t\t\t<span class=\"elementor-button-content-wrapper\">\n\t\t\t\t\t\t\t\t\t<span class=\"elementor-button-text\">Pedir cita<\/span>\n\t\t\t\t\t<\/span>\n\t\t\t\t\t<\/a>\n\t\t\t\t<\/div>\n\t\t\t\t\t\t\t\t<\/div>\n\t\t\t\t<\/div>\n\t\t\t\t\t<\/div>\n\t\t<\/div>\n\t\t\t\t<div class=\"elementor-column elementor-col-50 elementor-inner-column elementor-element elementor-element-be0cba3\" data-id=\"be0cba3\" data-element_type=\"column\" data-settings=\"{&quot;background_background&quot;:&quot;classic&quot;,&quot;background_motion_fx_motion_fx_scrolling&quot;:&quot;yes&quot;,&quot;background_motion_fx_scale_effect&quot;:&quot;yes&quot;,&quot;background_motion_fx_scale_direction&quot;:&quot;in-out-in&quot;,&quot;background_motion_fx_scale_speed&quot;:{&quot;unit&quot;:&quot;px&quot;,&quot;size&quot;:2,&quot;sizes&quot;:[]},&quot;background_motion_fx_scale_range&quot;:{&quot;unit&quot;:&quot;%&quot;,&quot;size&quot;:&quot;&quot;,&quot;sizes&quot;:{&quot;start&quot;:30,&quot;end&quot;:70}},&quot;background_motion_fx_devices&quot;:[&quot;desktop&quot;]}\">\n\t\t\t<div class=\"elementor-widget-wrap elementor-element-populated\">\n\t\t\t\t\t\t<div class=\"elementor-element elementor-element-f605d74 elementor-widget elementor-widget-spacer\" data-id=\"f605d74\" data-element_type=\"widget\" data-widget_type=\"spacer.default\">\n\t\t\t\t<div class=\"elementor-widget-container\">\n\t\t\t\t\t\t\t<div class=\"elementor-spacer\">\n\t\t\t<div class=\"elementor-spacer-inner\"><\/div>\n\t\t<\/div>\n\t\t\t\t\t\t<\/div>\n\t\t\t\t<\/div>\n\t\t\t\t\t<\/div>\n\t\t<\/div>\n\t\t\t\t\t<\/div>\n\t\t<\/section>\n\t\t\t\t\t<\/div>\n\t\t<\/div>\n\t\t\t\t\t<\/div>\n\t\t<\/section>\n\t\t\t\t<section class=\"elementor-section elementor-top-section elementor-element elementor-element-25d1a50 elementor-section-boxed elementor-section-height-default elementor-section-height-default\" data-id=\"25d1a50\" data-element_type=\"section\">\n\t\t\t\t\t\t<div class=\"elementor-container elementor-column-gap-default\">\n\t\t\t\t\t<div class=\"elementor-column elementor-col-100 elementor-top-column elementor-element elementor-element-f7c0adf\" data-id=\"f7c0adf\" data-element_type=\"column\">\n\t\t\t<div class=\"elementor-widget-wrap elementor-element-populated\">\n\t\t\t\t\t\t<section class=\"elementor-section elementor-inner-section elementor-element elementor-element-5b6d1f1 elementor-section-boxed elementor-section-height-default elementor-section-height-default\" data-id=\"5b6d1f1\" data-element_type=\"section\">\n\t\t\t\t\t\t<div class=\"elementor-container elementor-column-gap-default\">\n\t\t\t\t\t<div class=\"elementor-column elementor-col-33 elementor-inner-column elementor-element elementor-element-0e35214\" data-id=\"0e35214\" data-element_type=\"column\">\n\t\t\t<div class=\"elementor-widget-wrap elementor-element-populated\">\n\t\t\t\t\t\t<div class=\"elementor-element elementor-element-a9ec35f elementor-widget-tablet__width-initial elementor-view-default elementor-position-block-start elementor-mobile-position-block-start elementor-widget elementor-widget-icon-box\" data-id=\"a9ec35f\" data-element_type=\"widget\" data-widget_type=\"icon-box.default\">\n\t\t\t\t<div class=\"elementor-widget-container\">\n\t\t\t\t\t\t\t\t\t<div  class=\"elementor-icon-box-wrapper\">\n\t\t\t\t\t\t\t\t\t\t<div class=\"elementor-icon-box-icon\">\n\t\t\t\t\t\t<span class=\"elementor-icon elementor-animation-\" >\n\t\t\t\t\t\t<i aria-hidden=\"true\" class=\"fas fa-graduation-cap\"><\/i>\t\t\t\t\t\t<\/span>\n\t\t\t\t\t<\/div>\n\t\t\t\t\t\t\t\t\t\t<div class=\"elementor-icon-box-content\">\n\t\t\t\t\t\t<h4 class=\"elementor-icon-box-title\">\n\t\t\t\t\t\t\t<span >M\u00e1ster en sexolog\u00eda, terapia sexual y g\u00e9nero<\/span>\n\t\t\t\t\t\t<\/h4>\n\t\t\t\t\t\t\t\t\t\t\t\t<p class=\"elementor-icon-box-description\">Escola de lideratge de Barcelona. ELBS <\/p>\n\t\t\t\t\t\t\t\t\t\t\t<\/div>\n\t\t\t\t<\/div>\n\t\t\t\t\t\t\t\t<\/div>\n\t\t\t\t<\/div>\n\t\t\t\t<div class=\"elementor-element elementor-element-6760fb8 elementor-widget-tablet__width-initial elementor-view-default elementor-position-block-start elementor-mobile-position-block-start elementor-widget elementor-widget-icon-box\" data-id=\"6760fb8\" data-element_type=\"widget\" data-widget_type=\"icon-box.default\">\n\t\t\t\t<div class=\"elementor-widget-container\">\n\t\t\t\t\t\t\t\t\t<div  class=\"elementor-icon-box-wrapper\">\n\t\t\t\t\t\t\t\t\t\t<div class=\"elementor-icon-box-icon\">\n\t\t\t\t\t\t<span class=\"elementor-icon elementor-animation-\" >\n\t\t\t\t\t\t<i aria-hidden=\"true\" class=\"fas fa-graduation-cap\"><\/i>\t\t\t\t\t\t<\/span>\n\t\t\t\t\t<\/div>\n\t\t\t\t\t\t\t\t\t\t<div class=\"elementor-icon-box-content\">\n\t\t\t\t\t\t<h4 class=\"elementor-icon-box-title\">\n\t\t\t\t\t\t\t<span >M\u00e1ster en Salud de la Mujer y el ni\u00f1o<\/span>\n\t\t\t\t\t\t<\/h4>\n\t\t\t\t\t\t\t\t\t\t\t\t<p class=\"elementor-icon-box-description\">Facultat de la salut de Universitat Blanquerna i Ram\u00f3n Llull. Barcelona <\/p>\n\t\t\t\t\t\t\t\t\t\t\t<\/div>\n\t\t\t\t<\/div>\n\t\t\t\t\t\t\t\t<\/div>\n\t\t\t\t<\/div>\n\t\t\t\t<div class=\"elementor-element elementor-element-b3fc0d7 elementor-widget-tablet__width-initial elementor-view-default elementor-position-block-start elementor-mobile-position-block-start elementor-widget elementor-widget-icon-box\" data-id=\"b3fc0d7\" data-element_type=\"widget\" data-widget_type=\"icon-box.default\">\n\t\t\t\t<div class=\"elementor-widget-container\">\n\t\t\t\t\t\t\t\t\t<div  class=\"elementor-icon-box-wrapper\">\n\t\t\t\t\t\t\t\t\t\t<div class=\"elementor-icon-box-icon\">\n\t\t\t\t\t\t<span class=\"elementor-icon elementor-animation-\" >\n\t\t\t\t\t\t<i aria-hidden=\"true\" class=\"fas fa-graduation-cap\"><\/i>\t\t\t\t\t\t<\/span>\n\t\t\t\t\t<\/div>\n\t\t\t\t\t\t\t\t\t\t<div class=\"elementor-icon-box-content\">\n\t\t\t\t\t\t<h4 class=\"elementor-icon-box-title\">\n\t\t\t\t\t\t\t<span >Diplomatura en Fisioterapia<\/span>\n\t\t\t\t\t\t<\/h4>\n\t\t\t\t\t\t\t\t\t\t\t\t<p class=\"elementor-icon-box-description\">Escoles Universit\u00e0ries Gimbernat (UAB). Sant Cugat del Vall\u00e8s <\/p>\n\t\t\t\t\t\t\t\t\t\t\t<\/div>\n\t\t\t\t<\/div>\n\t\t\t\t\t\t\t\t<\/div>\n\t\t\t\t<\/div>\n\t\t\t\t\t<\/div>\n\t\t<\/div>\n\t\t\t\t<div class=\"elementor-column elementor-col-33 elementor-inner-column elementor-element elementor-element-eac8a24 elementor-hidden-phone\" data-id=\"eac8a24\" data-element_type=\"column\">\n\t\t\t<div class=\"elementor-widget-wrap elementor-element-populated\">\n\t\t\t\t\t\t<div class=\"elementor-element elementor-element-8a3fd82 elementor-widget elementor-widget-spacer\" data-id=\"8a3fd82\" data-element_type=\"widget\" data-widget_type=\"spacer.default\">\n\t\t\t\t<div class=\"elementor-widget-container\">\n\t\t\t\t\t\t\t<div class=\"elementor-spacer\">\n\t\t\t<div class=\"elementor-spacer-inner\"><\/div>\n\t\t<\/div>\n\t\t\t\t\t\t<\/div>\n\t\t\t\t<\/div>\n\t\t\t\t\t<\/div>\n\t\t<\/div>\n\t\t\t\t<div class=\"elementor-column elementor-col-33 elementor-inner-column elementor-element elementor-element-182fb52\" data-id=\"182fb52\" data-element_type=\"column\" data-settings=\"{&quot;background_background&quot;:&quot;classic&quot;}\">\n\t\t\t<div class=\"elementor-widget-wrap elementor-element-populated\">\n\t\t\t\t\t\t<div class=\"elementor-element elementor-element-dd95fc5 elementor-widget__width-auto elementor-widget elementor-widget-heading\" data-id=\"dd95fc5\" data-element_type=\"widget\" data-widget_type=\"heading.default\">\n\t\t\t\t<div class=\"elementor-widget-container\">\n\t\t\t\t\t<h4 class=\"elementor-heading-title elementor-size-default\">Formaci\u00f3n adicional<\/h4>\t\t\t\t<\/div>\n\t\t\t\t<\/div>\n\t\t\t\t<div class=\"elementor-element elementor-element-1e8a8bb elementor-widget elementor-widget-text-editor\" data-id=\"1e8a8bb\" data-element_type=\"widget\" data-widget_type=\"text-editor.default\">\n\t\t\t\t<div class=\"elementor-widget-container\">\n\t\t\t\t\t\t\t\t\t<p>&#8211; Curso de ejercicio f\u00edsico por embarazadas.<br>&#8211; Curso de tratamiento fisioterap\u00e9utico de las disfunciones del suelo p\u00e9lvico. <strong>RAP Barcelona<\/strong><br>&#8211; Formaci\u00f3n en INDIBA ACTIV suelo p\u00e9lvico.<br>&#8211; Formaci\u00f3n pilates suelo para fisioterapeutas.<br>&#8211; Teor\u00eda neurocognitiva. Curso b\u00e1sico. <br>&#8211; Curso s\u00edndrome de dolor miofascial.<br>&#8211; Curso de disfunci\u00f3n de tejidos blandos.<\/p>\t\t\t\t\t\t\t\t<\/div>\n\t\t\t\t<\/div>\n\t\t\t\t\t<\/div>\n\t\t<\/div>\n\t\t\t\t\t<\/div>\n\t\t<\/section>\n\t\t\t\t\t<\/div>\n\t\t<\/div>\n\t\t\t\t\t<\/div>\n\t\t<\/section>\n\t\t\t\t<\/div>\n\t\t","protected":false},"excerpt":{"rendered":"<p>Miriam Fern\u00e1ndez Ojeda Fisioterapeuta especializada en suelo p\u00e9lvico Colegiado n\u00fam. 11.766 Pedir cita M\u00e1ster en sexolog\u00eda, terapia sexual y g\u00e9nero Escola de lideratge de Barcelona. ELBS M\u00e1ster en Salud de la Mujer y el ni\u00f1o Facultat de la salut de Universitat Blanquerna i Ram\u00f3n Llull. Barcelona Diplomatura en Fisioterapia Escoles Universit\u00e0ries Gimbernat (UAB). Sant Cugat&#8230;<\/p>\n","protected":false},"author":1,"featured_media":0,"parent":989036,"menu_order":0,"comment_status":"closed","ping_status":"closed","template":"","meta":{"footnotes":""},"class_list":["post-989056","page","type-page","status-publish","hentry"],"yoast_head":"<!-- This site is optimized with the Yoast SEO plugin v26.6 - https:\/\/yoast.com\/wordpress\/plugins\/seo\/ -->\n<title>Miriam Fern\u00e1ndez Ojeda - Experta<\/title>\n<meta name=\"description\" content=\"Conoce a Miriam Fern\u00e1ndez Ojeda, profesional especializada en [especializaci\u00f3n]. Descubre su trayectoria y c\u00f3mo puede ayudarte a mejorar tu salud.\" \/>\n<meta name=\"robots\" content=\"index, follow, max-snippet:-1, max-image-preview:large, max-video-preview:-1\" \/>\n<link rel=\"canonical\" href=\"https:\/\/www.osteovitalsabadell.cat\/es\/quienes-somos\/miriam-fernandez-ojeda\/\" \/>\n<meta property=\"og:locale\" content=\"es_ES\" \/>\n<meta property=\"og:type\" content=\"article\" \/>\n<meta property=\"og:title\" content=\"Miriam Fern\u00e1ndez Ojeda - Experta\" \/>\n<meta property=\"og:description\" content=\"Conoce a Miriam Fern\u00e1ndez Ojeda, profesional especializada en [especializaci\u00f3n]. Descubre su trayectoria y c\u00f3mo puede ayudarte a mejorar tu salud.\" \/>\n<meta property=\"og:url\" content=\"https:\/\/www.osteovitalsabadell.cat\/es\/quienes-somos\/miriam-fernandez-ojeda\/\" \/>\n<meta property=\"og:site_name\" content=\"Osteovital\" \/>\n<meta property=\"article:modified_time\" content=\"2025-12-24T10:41:45+00:00\" \/>\n<meta name=\"twitter:card\" content=\"summary_large_image\" \/>\n<meta name=\"twitter:label1\" content=\"Tiempo de lectura\" \/>\n\t<meta name=\"twitter:data1\" content=\"1 minuto\" \/>\n<script type=\"application\/ld+json\" class=\"yoast-schema-graph\">{\"@context\":\"https:\/\/schema.org\",\"@graph\":[{\"@type\":\"WebPage\",\"@id\":\"https:\/\/www.osteovitalsabadell.cat\/es\/quienes-somos\/miriam-fernandez-ojeda\/\",\"url\":\"https:\/\/www.osteovitalsabadell.cat\/es\/quienes-somos\/miriam-fernandez-ojeda\/\",\"name\":\"Miriam Fern\u00e1ndez Ojeda - Experta\",\"isPartOf\":{\"@id\":\"https:\/\/www.osteovitalsabadell.cat\/es\/#website\"},\"datePublished\":\"2025-07-08T15:13:10+00:00\",\"dateModified\":\"2025-12-24T10:41:45+00:00\",\"description\":\"Conoce a Miriam Fern\u00e1ndez Ojeda, profesional especializada en [especializaci\u00f3n]. Descubre su trayectoria y c\u00f3mo puede ayudarte a mejorar tu salud.\",\"breadcrumb\":{\"@id\":\"https:\/\/www.osteovitalsabadell.cat\/es\/quienes-somos\/miriam-fernandez-ojeda\/#breadcrumb\"},\"inLanguage\":\"es\",\"potentialAction\":[{\"@type\":\"ReadAction\",\"target\":[\"https:\/\/www.osteovitalsabadell.cat\/es\/quienes-somos\/miriam-fernandez-ojeda\/\"]}]},{\"@type\":\"BreadcrumbList\",\"@id\":\"https:\/\/www.osteovitalsabadell.cat\/es\/quienes-somos\/miriam-fernandez-ojeda\/#breadcrumb\",\"itemListElement\":[{\"@type\":\"ListItem\",\"position\":1,\"name\":\"Home\",\"item\":\"https:\/\/www.osteovitalsabadell.cat\/es\/inicio\/\"},{\"@type\":\"ListItem\",\"position\":2,\"name\":\"Qui\u00e9nes somos\",\"item\":\"https:\/\/www.osteovitalsabadell.cat\/es\/quienes-somos\/\"},{\"@type\":\"ListItem\",\"position\":3,\"name\":\"Miriam Fern\u00e1ndez Ojeda\"}]},{\"@type\":\"WebSite\",\"@id\":\"https:\/\/www.osteovitalsabadell.cat\/es\/#website\",\"url\":\"https:\/\/www.osteovitalsabadell.cat\/es\/\",\"name\":\"Osteovital\",\"description\":\"Osteopatia i Fisioter\u00e0pia a Sabadell\",\"potentialAction\":[{\"@type\":\"SearchAction\",\"target\":{\"@type\":\"EntryPoint\",\"urlTemplate\":\"https:\/\/www.osteovitalsabadell.cat\/es\/?s={search_term_string}\"},\"query-input\":{\"@type\":\"PropertyValueSpecification\",\"valueRequired\":true,\"valueName\":\"search_term_string\"}}],\"inLanguage\":\"es\"}]}<\/script>\n<!-- \/ Yoast SEO plugin. -->","yoast_head_json":{"title":"Miriam Fern\u00e1ndez Ojeda - Experta","description":"Conoce a Miriam Fern\u00e1ndez Ojeda, profesional especializada en [especializaci\u00f3n]. Descubre su trayectoria y c\u00f3mo puede ayudarte a mejorar tu salud.","robots":{"index":"index","follow":"follow","max-snippet":"max-snippet:-1","max-image-preview":"max-image-preview:large","max-video-preview":"max-video-preview:-1"},"canonical":"https:\/\/www.osteovitalsabadell.cat\/es\/quienes-somos\/miriam-fernandez-ojeda\/","og_locale":"es_ES","og_type":"article","og_title":"Miriam Fern\u00e1ndez Ojeda - Experta","og_description":"Conoce a Miriam Fern\u00e1ndez Ojeda, profesional especializada en [especializaci\u00f3n]. Descubre su trayectoria y c\u00f3mo puede ayudarte a mejorar tu salud.","og_url":"https:\/\/www.osteovitalsabadell.cat\/es\/quienes-somos\/miriam-fernandez-ojeda\/","og_site_name":"Osteovital","article_modified_time":"2025-12-24T10:41:45+00:00","twitter_card":"summary_large_image","twitter_misc":{"Tiempo de lectura":"1 minuto"},"schema":{"@context":"https:\/\/schema.org","@graph":[{"@type":"WebPage","@id":"https:\/\/www.osteovitalsabadell.cat\/es\/quienes-somos\/miriam-fernandez-ojeda\/","url":"https:\/\/www.osteovitalsabadell.cat\/es\/quienes-somos\/miriam-fernandez-ojeda\/","name":"Miriam Fern\u00e1ndez Ojeda - Experta","isPartOf":{"@id":"https:\/\/www.osteovitalsabadell.cat\/es\/#website"},"datePublished":"2025-07-08T15:13:10+00:00","dateModified":"2025-12-24T10:41:45+00:00","description":"Conoce a Miriam Fern\u00e1ndez Ojeda, profesional especializada en [especializaci\u00f3n]. Descubre su trayectoria y c\u00f3mo puede ayudarte a mejorar tu salud.","breadcrumb":{"@id":"https:\/\/www.osteovitalsabadell.cat\/es\/quienes-somos\/miriam-fernandez-ojeda\/#breadcrumb"},"inLanguage":"es","potentialAction":[{"@type":"ReadAction","target":["https:\/\/www.osteovitalsabadell.cat\/es\/quienes-somos\/miriam-fernandez-ojeda\/"]}]},{"@type":"BreadcrumbList","@id":"https:\/\/www.osteovitalsabadell.cat\/es\/quienes-somos\/miriam-fernandez-ojeda\/#breadcrumb","itemListElement":[{"@type":"ListItem","position":1,"name":"Home","item":"https:\/\/www.osteovitalsabadell.cat\/es\/inicio\/"},{"@type":"ListItem","position":2,"name":"Qui\u00e9nes somos","item":"https:\/\/www.osteovitalsabadell.cat\/es\/quienes-somos\/"},{"@type":"ListItem","position":3,"name":"Miriam Fern\u00e1ndez Ojeda"}]},{"@type":"WebSite","@id":"https:\/\/www.osteovitalsabadell.cat\/es\/#website","url":"https:\/\/www.osteovitalsabadell.cat\/es\/","name":"Osteovital","description":"Osteopatia i Fisioter\u00e0pia a Sabadell","potentialAction":[{"@type":"SearchAction","target":{"@type":"EntryPoint","urlTemplate":"https:\/\/www.osteovitalsabadell.cat\/es\/?s={search_term_string}"},"query-input":{"@type":"PropertyValueSpecification","valueRequired":true,"valueName":"search_term_string"}}],"inLanguage":"es"}]}},"_links":{"self":[{"href":"https:\/\/www.osteovitalsabadell.cat\/es\/wp-json\/wp\/v2\/pages\/989056","targetHints":{"allow":["GET"]}}],"collection":[{"href":"https:\/\/www.osteovitalsabadell.cat\/es\/wp-json\/wp\/v2\/pages"}],"about":[{"href":"https:\/\/www.osteovitalsabadell.cat\/es\/wp-json\/wp\/v2\/types\/page"}],"author":[{"embeddable":true,"href":"https:\/\/www.osteovitalsabadell.cat\/es\/wp-json\/wp\/v2\/users\/1"}],"replies":[{"embeddable":true,"href":"https:\/\/www.osteovitalsabadell.cat\/es\/wp-json\/wp\/v2\/comments?post=989056"}],"version-history":[{"count":1,"href":"https:\/\/www.osteovitalsabadell.cat\/es\/wp-json\/wp\/v2\/pages\/989056\/revisions"}],"predecessor-version":[{"id":989057,"href":"https:\/\/www.osteovitalsabadell.cat\/es\/wp-json\/wp\/v2\/pages\/989056\/revisions\/989057"}],"up":[{"embeddable":true,"href":"https:\/\/www.osteovitalsabadell.cat\/es\/wp-json\/wp\/v2\/pages\/989036"}],"wp:attachment":[{"href":"https:\/\/www.osteovitalsabadell.cat\/es\/wp-json\/wp\/v2\/media?parent=989056"}],"curies":[{"name":"wp","href":"https:\/\/api.w.org\/{rel}","templated":true}]}}